{"id":4283,"date":"2018-04-25T09:56:13","date_gmt":"2018-04-25T08:56:13","guid":{"rendered":"http:\/\/www.t-tresserras.com\/actualites\/"},"modified":"2018-05-29T15:52:06","modified_gmt":"2018-05-29T14:52:06","slug":"actualites","status":"publish","type":"page","link":"https:\/\/t-tresserras.com\/fr\/actualites\/","title":{"rendered":"ACTUALIT\u00c9S"},"content":{"rendered":"\n<style type=\"text\/css\" data-created_by=\"avia_inline_auto\" id=\"style-css-av-av_one_full-15d750bd1b332b34c6e70b077ebbccdf\">\n.flex_column.av-av_one_full-15d750bd1b332b34c6e70b077ebbccdf{\nborder-radius:0px 0px 0px 0px;\npadding:0px 0px 0px 0px;\n}\n<\/style>\n<div  class='flex_column av-av_one_full-15d750bd1b332b34c6e70b077ebbccdf av_one_full  avia-builder-el-0  avia-builder-el-no-sibling  first flex_column_div av-zero-column-padding  '     ><div  class='av-alb-blogposts template-blog  av-blog-meta-author-disabled av-blog-meta-comments-disabled av-blog-meta-date-disabled '  itemscope=\"itemscope\" itemtype=\"https:\/\/schema.org\/Blog\" ><article class=\"post-entry post-entry-type-image post-entry-8672 post-loop-1 post-parity-odd single-big  post-8672 post type-post status-publish format-image has-post-thumbnail hentry category-rutas post_format-post-format-image\"  itemscope=\"itemscope\" itemtype=\"https:\/\/schema.org\/BlogPosting\" ><div class=\"blog-meta\"><\/div><div class='entry-content-wrapper clearfix image-content'><header class=\"entry-content-header\" aria-label=\"Articles : REQUISITOS PARA EXPORTACI\u00d3N U.K.\"><div class=\"av-heading-wrapper\"><span class=\"blog-categories minor-meta\"><a href=\"https:\/\/t-tresserras.com\/category\/rutas\/\" rel=\"tag\">RUTAS<\/a><\/span><h2 class='post-title entry-title '  itemprop=\"headline\" ><a href=\"https:\/\/t-tresserras.com\/fr\/requisits-per-a-exportacio-u-k\/\" rel=\"bookmark\" title=\"Lien permanent : REQUISITOS PARA EXPORTACI\u00d3N U.K.\">REQUISITOS PARA EXPORTACI\u00d3N U.K.<span class=\"post-format-icon minor-meta\"><\/span><\/a><\/h2><\/div><\/header><span class=\"av-vertical-delimiter\"><\/span><div class=\"big-preview single-big\"><div class=\"avia-post-format-image\"><a href=\"https:\/\/t-tresserras.com\/wp-content\/uploads\/2021\/10\/FotoNoti-Calendari-Tresserres.png\"><img decoding=\"async\" loading=\"lazy\" width=\"797\" height=\"685\" src=\"https:\/\/t-tresserras.com\/wp-content\/uploads\/2021\/10\/FotoNoti-Calendari-Tresserres.png\" class=\"wp-image-8660 avia-img-lazy-loading-8660 attachment-large size-large wp-post-image\" alt=\"\" srcset=\"https:\/\/t-tresserras.com\/wp-content\/uploads\/2021\/10\/FotoNoti-Calendari-Tresserres.png 797w, https:\/\/t-tresserras.com\/wp-content\/uploads\/2021\/10\/FotoNoti-Calendari-Tresserres-300x258.png 300w, https:\/\/t-tresserras.com\/wp-content\/uploads\/2021\/10\/FotoNoti-Calendari-Tresserres-768x660.png 768w, https:\/\/t-tresserras.com\/wp-content\/uploads\/2021\/10\/FotoNoti-Calendari-Tresserres-705x606.png 705w\" sizes=\"auto, (max-width: 797px) 100vw, 797px\" \/><\/a><\/div><\/div><div class=\"entry-content\"  itemprop=\"text\" ><p>Con la finalidad de seguir ofreciendo un mejor servicio Transports Tresserras ha redactado un documento para su informaci\u00f3n sobre las novedades de las afectaciones del Brexit. Por otro lado, hemos elaborado un calendario general de salidas para la recogida de mercanc\u00eda en Catalu\u00f1a y entregas en el destino los viernes, lunes y martes. Consulte las [&hellip;]<\/p>\n<div class=\"read-more-link\"><a href=\"https:\/\/t-tresserras.com\/fr\/requisits-per-a-exportacio-u-k\/\" class=\"more-link\">Lire la suite<span class='more-link-arrow avia-svg-icon avia-font-svg_entypo-fontello' data-av_svg_icon='right-open-big' data-av_iconset='svg_entypo-fontello'><svg version=\"1.1\" xmlns=\"http:\/\/www.w3.org\/2000\/svg\" width=\"15\" height=\"32\" viewBox=\"0 0 15 32\" preserveAspectRatio=\"xMidYMid meet\" role=\"graphics-symbol\" aria-hidden=\"true\">\n<path d=\"M0.416 27.84l11.456-11.84-11.456-11.904q-0.832-0.832 0-1.536 0.832-0.832 1.536 0l12.544 12.608q0.768 0.832 0 1.6l-12.544 12.608q-0.704 0.832-1.536 0-0.832-0.704 0-1.536z\"><\/path>\n<\/svg><\/span><\/a><\/div>\n<\/div><span class=\"post-meta-infos\"><\/span><footer class=\"entry-footer\"><\/footer><div class='post_delimiter'><\/div><\/div><div class=\"post_author_timeline\"><\/div><span class='hidden'>\n\t\t\t\t<span class='av-structured-data'  itemprop=\"image\" itemscope=\"itemscope\" itemtype=\"https:\/\/schema.org\/ImageObject\" >\n\t\t\t\t\t\t<span itemprop='url'>https:\/\/t-tresserras.com\/wp-content\/uploads\/2021\/10\/FotoNoti-Calendari-Tresserres.png<\/span>\n\t\t\t\t\t\t<span itemprop='height'>685<\/span>\n\t\t\t\t\t\t<span itemprop='width'>797<\/span>\n\t\t\t\t<\/span>\n\t\t\t\t<span class='av-structured-data'  itemprop=\"publisher\" itemtype=\"https:\/\/schema.org\/Organization\" itemscope=\"itemscope\" >\n\t\t\t\t\t\t<span itemprop='name'>clonica<\/span>\n\t\t\t\t\t\t<span itemprop='logo' itemscope itemtype='https:\/\/schema.org\/ImageObject'>\n\t\t\t\t\t\t\t<span itemprop='url'>https:\/\/t-tresserras.com\/wp-content\/uploads\/2019\/04\/LogoTresserras.png<\/span>\n\t\t\t\t\t\t<\/span>\n\t\t\t\t<\/span><span class='av-structured-data'  itemprop=\"author\" itemscope=\"itemscope\" itemtype=\"https:\/\/schema.org\/Person\" ><span itemprop='name'>clonica<\/span><\/span><span class='av-structured-data'  itemprop=\"datePublished\" datetime=\"2021-10-20T08:46:07+01:00\" >2021-10-20 08:46:07<\/span><span class='av-structured-data'  itemprop=\"dateModified\" itemtype=\"https:\/\/schema.org\/dateModified\" >2021-10-21 15:46:26<\/span><span class='av-structured-data'  itemprop=\"mainEntityOfPage\" itemtype=\"https:\/\/schema.org\/mainEntityOfPage\" ><span itemprop='name'>REQUISITOS PARA EXPORTACI\u00d3N U.K.<\/span><\/span><\/span><\/article><article class=\"post-entry post-entry-type-standard post-entry-2394 post-loop-2 post-parity-even single-big with-slider post-2394 post type-post status-publish format-standard has-post-thumbnail hentry category-rutas\"  itemscope=\"itemscope\" itemtype=\"https:\/\/schema.org\/BlogPosting\" ><div class=\"blog-meta\"><\/div><div class='entry-content-wrapper clearfix standard-content'><header class=\"entry-content-header\" aria-label=\"Articles : NUEVA L\u00cdNIA DIRECTA DE TRANSPORTE A IRLANDA LOS VIERNES\"><div class=\"av-heading-wrapper\"><span class=\"blog-categories minor-meta\"><a href=\"https:\/\/t-tresserras.com\/category\/rutas\/\" rel=\"tag\">RUTAS<\/a><\/span><h2 class='post-title entry-title '  itemprop=\"headline\" ><a href=\"https:\/\/t-tresserras.com\/fr\/nueva-linia-directa-de-transporte-a-irlanda-los-viernes\/\" rel=\"bookmark\" title=\"Lien permanent : NUEVA L\u00cdNIA DIRECTA DE TRANSPORTE A IRLANDA LOS VIERNES\">NUEVA L\u00cdNIA DIRECTA DE TRANSPORTE A IRLANDA LOS VIERNES<span class=\"post-format-icon minor-meta\"><\/span><\/a><\/h2><\/div><\/header><span class=\"av-vertical-delimiter\"><\/span><div class=\"big-preview single-big\"  itemprop=\"image\" itemscope=\"itemscope\" itemtype=\"https:\/\/schema.org\/ImageObject\" ><a href=\"https:\/\/t-tresserras.com\/fr\/nueva-linia-directa-de-transporte-a-irlanda-los-viernes\/\"  title=\"NUEVA L\u00cdNIA DIRECTA DE TRANSPORTE A IRLANDA LOS VIERNES\" ><img decoding=\"async\" loading=\"lazy\" width=\"797\" height=\"306\" src=\"https:\/\/t-tresserras.com\/wp-content\/uploads\/2021\/10\/FotoNoti-irlanda2-Tresserres.png\" class=\"wp-image-8706 avia-img-lazy-loading-8706 attachment-entry_without_sidebar size-entry_without_sidebar wp-post-image\" alt=\"\" srcset=\"https:\/\/t-tresserras.com\/wp-content\/uploads\/2021\/10\/FotoNoti-irlanda2-Tresserres.png 797w, https:\/\/t-tresserras.com\/wp-content\/uploads\/2021\/10\/FotoNoti-irlanda2-Tresserres-300x115.png 300w, https:\/\/t-tresserras.com\/wp-content\/uploads\/2021\/10\/FotoNoti-irlanda2-Tresserres-768x295.png 768w, https:\/\/t-tresserras.com\/wp-content\/uploads\/2021\/10\/FotoNoti-irlanda2-Tresserres-705x271.png 705w\" sizes=\"auto, (max-width: 797px) 100vw, 797px\" \/><\/a><\/div><div class=\"entry-content\"  itemprop=\"text\" ><p>Transports Tresserras amplia el servicio de entregas con la puesta en marcha de la nueva l\u00ednea directa de transporte a Irlanda los viernes si pasar por U.K. De esto modo podemos evitar los tr\u00e1mites aduaneros y facilitar los tr\u00e1nsitos de sus mercanc\u00edas. Hemos planificado las salidas desde nuestras instalaciones en La Vall de Bianya los [&hellip;]<\/p>\n<div class=\"read-more-link\"><a href=\"https:\/\/t-tresserras.com\/fr\/nueva-linia-directa-de-transporte-a-irlanda-los-viernes\/\" class=\"more-link\">Lire la suite<span class='more-link-arrow avia-svg-icon avia-font-svg_entypo-fontello' data-av_svg_icon='right-open-big' data-av_iconset='svg_entypo-fontello'><svg version=\"1.1\" xmlns=\"http:\/\/www.w3.org\/2000\/svg\" width=\"15\" height=\"32\" viewBox=\"0 0 15 32\" preserveAspectRatio=\"xMidYMid meet\" role=\"graphics-symbol\" aria-hidden=\"true\">\n<path d=\"M0.416 27.84l11.456-11.84-11.456-11.904q-0.832-0.832 0-1.536 0.832-0.832 1.536 0l12.544 12.608q0.768 0.832 0 1.6l-12.544 12.608q-0.704 0.832-1.536 0-0.832-0.704 0-1.536z\"><\/path>\n<\/svg><\/span><\/a><\/div>\n<\/div><span class=\"post-meta-infos\"><\/span><footer class=\"entry-footer\"><\/footer><div class='post_delimiter'><\/div><\/div><div class=\"post_author_timeline\"><\/div><span class='hidden'>\n\t\t\t\t<span class='av-structured-data'  itemprop=\"image\" itemscope=\"itemscope\" itemtype=\"https:\/\/schema.org\/ImageObject\" >\n\t\t\t\t\t\t<span itemprop='url'>https:\/\/t-tresserras.com\/wp-content\/uploads\/2021\/10\/FotoNoti-irlanda2-Tresserres.png<\/span>\n\t\t\t\t\t\t<span itemprop='height'>306<\/span>\n\t\t\t\t\t\t<span itemprop='width'>797<\/span>\n\t\t\t\t<\/span>\n\t\t\t\t<span class='av-structured-data'  itemprop=\"publisher\" itemtype=\"https:\/\/schema.org\/Organization\" itemscope=\"itemscope\" >\n\t\t\t\t\t\t<span itemprop='name'>clonica<\/span>\n\t\t\t\t\t\t<span itemprop='logo' itemscope itemtype='https:\/\/schema.org\/ImageObject'>\n\t\t\t\t\t\t\t<span itemprop='url'>https:\/\/t-tresserras.com\/wp-content\/uploads\/2019\/04\/LogoTresserras.png<\/span>\n\t\t\t\t\t\t<\/span>\n\t\t\t\t<\/span><span class='av-structured-data'  itemprop=\"author\" itemscope=\"itemscope\" itemtype=\"https:\/\/schema.org\/Person\" ><span itemprop='name'>clonica<\/span><\/span><span class='av-structured-data'  itemprop=\"datePublished\" datetime=\"2021-10-19T14:51:47+01:00\" >2021-10-19 14:51:47<\/span><span class='av-structured-data'  itemprop=\"dateModified\" itemtype=\"https:\/\/schema.org\/dateModified\" >2021-10-21 14:33:55<\/span><span class='av-structured-data'  itemprop=\"mainEntityOfPage\" itemtype=\"https:\/\/schema.org\/mainEntityOfPage\" ><span itemprop='name'>NUEVA L\u00cdNIA DIRECTA DE TRANSPORTE A IRLANDA LOS VIERNES<\/span><\/span><\/span><\/article><article class=\"post-entry post-entry-type-standard post-entry-5329 post-loop-3 post-parity-odd single-big with-slider post-5329 post type-post status-publish format-standard has-post-thumbnail hentry category-securite\"  itemscope=\"itemscope\" itemtype=\"https:\/\/schema.org\/BlogPosting\" ><div class=\"blog-meta\"><\/div><div class='entry-content-wrapper clearfix standard-content'><header class=\"entry-content-header\" aria-label=\"Articles : TRANSPORTS TRESSERRAS OBTIENT LA CERTIFICATION IFS LOGISTICS\"><div class=\"av-heading-wrapper\"><span class=\"blog-categories minor-meta\"><a href=\"https:\/\/t-tresserras.com\/fr\/category\/securite\/\" rel=\"tag\">S\u00c9CURIT\u00c9<\/a><\/span><h2 class='post-title entry-title '  itemprop=\"headline\" ><a href=\"https:\/\/t-tresserras.com\/fr\/transports-tresserras-obtient-la-certification-ifs-logistics\/\" rel=\"bookmark\" title=\"Lien permanent : TRANSPORTS TRESSERRAS OBTIENT LA CERTIFICATION IFS LOGISTICS\">TRANSPORTS TRESSERRAS OBTIENT LA CERTIFICATION IFS LOGISTICS<span class=\"post-format-icon minor-meta\"><\/span><\/a><\/h2><\/div><\/header><span class=\"av-vertical-delimiter\"><\/span><div class=\"big-preview single-big\"  itemprop=\"image\" itemscope=\"itemscope\" itemtype=\"https:\/\/schema.org\/ImageObject\" ><a href=\"https:\/\/t-tresserras.com\/fr\/transports-tresserras-obtient-la-certification-ifs-logistics\/\"  title=\"TRANSPORTS TRESSERRAS OBTIENT LA CERTIFICATION IFS LOGISTICS\" ><img decoding=\"async\" loading=\"lazy\" width=\"797\" height=\"306\" src=\"https:\/\/t-tresserras.com\/wp-content\/uploads\/2018\/06\/NOTICIES-IFS-FR.jpg\" class=\"wp-image-5337 avia-img-lazy-loading-5337 attachment-entry_without_sidebar size-entry_without_sidebar wp-post-image\" alt=\"\" srcset=\"https:\/\/t-tresserras.com\/wp-content\/uploads\/2018\/06\/NOTICIES-IFS-FR.jpg 797w, https:\/\/t-tresserras.com\/wp-content\/uploads\/2018\/06\/NOTICIES-IFS-FR-300x115.jpg 300w, https:\/\/t-tresserras.com\/wp-content\/uploads\/2018\/06\/NOTICIES-IFS-FR-768x295.jpg 768w, https:\/\/t-tresserras.com\/wp-content\/uploads\/2018\/06\/NOTICIES-IFS-FR-705x271.jpg 705w, https:\/\/t-tresserras.com\/wp-content\/uploads\/2018\/06\/NOTICIES-IFS-FR-450x173.jpg 450w\" sizes=\"auto, (max-width: 797px) 100vw, 797px\" \/><\/a><\/div><div class=\"entry-content\"  itemprop=\"text\" ><p>Transports Tresserras, une entreprise de transport leader en Europe, avec 139 ann\u00e9es d&rsquo;exp\u00e9rience dans le secteur, a re\u00e7u la certification internationale de s\u00e9curit\u00e9 alimentaire IFS Logistics 2.1 (International Featured Standards Logistics). L&rsquo;obtention de cette certification exigeante applicable dans le transport et le stockage de produits alimentaires repr\u00e9sente un pas de plus pour l&rsquo;entreprise dans son [&hellip;]<\/p>\n<div class=\"read-more-link\"><a href=\"https:\/\/t-tresserras.com\/fr\/transports-tresserras-obtient-la-certification-ifs-logistics\/\" class=\"more-link\">Lire la suite<span class='more-link-arrow avia-svg-icon avia-font-svg_entypo-fontello' data-av_svg_icon='right-open-big' data-av_iconset='svg_entypo-fontello'><svg version=\"1.1\" xmlns=\"http:\/\/www.w3.org\/2000\/svg\" width=\"15\" height=\"32\" viewBox=\"0 0 15 32\" preserveAspectRatio=\"xMidYMid meet\" role=\"graphics-symbol\" aria-hidden=\"true\">\n<path d=\"M0.416 27.84l11.456-11.84-11.456-11.904q-0.832-0.832 0-1.536 0.832-0.832 1.536 0l12.544 12.608q0.768 0.832 0 1.6l-12.544 12.608q-0.704 0.832-1.536 0-0.832-0.704 0-1.536z\"><\/path>\n<\/svg><\/span><\/a><\/div>\n<\/div><span class=\"post-meta-infos\"><\/span><footer class=\"entry-footer\"><\/footer><div class='post_delimiter'><\/div><\/div><div class=\"post_author_timeline\"><\/div><span class='hidden'>\n\t\t\t\t<span class='av-structured-data'  itemprop=\"image\" itemscope=\"itemscope\" itemtype=\"https:\/\/schema.org\/ImageObject\" >\n\t\t\t\t\t\t<span itemprop='url'>https:\/\/t-tresserras.com\/wp-content\/uploads\/2018\/06\/NOTICIES-IFS-FR.jpg<\/span>\n\t\t\t\t\t\t<span itemprop='height'>306<\/span>\n\t\t\t\t\t\t<span itemprop='width'>797<\/span>\n\t\t\t\t<\/span>\n\t\t\t\t<span class='av-structured-data'  itemprop=\"publisher\" itemtype=\"https:\/\/schema.org\/Organization\" itemscope=\"itemscope\" >\n\t\t\t\t\t\t<span itemprop='name'>clonica<\/span>\n\t\t\t\t\t\t<span itemprop='logo' itemscope itemtype='https:\/\/schema.org\/ImageObject'>\n\t\t\t\t\t\t\t<span itemprop='url'>https:\/\/t-tresserras.com\/wp-content\/uploads\/2019\/04\/LogoTresserras.png<\/span>\n\t\t\t\t\t\t<\/span>\n\t\t\t\t<\/span><span class='av-structured-data'  itemprop=\"author\" itemscope=\"itemscope\" itemtype=\"https:\/\/schema.org\/Person\" ><span itemprop='name'>clonica<\/span><\/span><span class='av-structured-data'  itemprop=\"datePublished\" datetime=\"2018-06-08T08:24:33+01:00\" >2018-06-08 08:24:33<\/span><span class='av-structured-data'  itemprop=\"dateModified\" itemtype=\"https:\/\/schema.org\/dateModified\" >2021-10-20 13:00:56<\/span><span class='av-structured-data'  itemprop=\"mainEntityOfPage\" itemtype=\"https:\/\/schema.org\/mainEntityOfPage\" ><span itemprop='name'>TRANSPORTS TRESSERRAS OBTIENT LA CERTIFICATION IFS LOGISTICS<\/span><\/span><\/span><\/article><article class=\"post-entry post-entry-type-standard post-entry-5299 post-loop-4 post-parity-even single-big with-slider post-5299 post type-post status-publish format-standard has-post-thumbnail hentry category-confidentialite\"  itemscope=\"itemscope\" itemtype=\"https:\/\/schema.org\/BlogPosting\" ><div class=\"blog-meta\"><\/div><div class='entry-content-wrapper clearfix standard-content'><header class=\"entry-content-header\" aria-label=\"Articles : Data Protection Policy Update\"><div class=\"av-heading-wrapper\"><span class=\"blog-categories minor-meta\"><a href=\"https:\/\/t-tresserras.com\/fr\/category\/confidentialite\/\" rel=\"tag\">CONFIDENTIALIT\u00c9<\/a><\/span><h2 class='post-title entry-title '  itemprop=\"headline\" ><a href=\"https:\/\/t-tresserras.com\/fr\/data-protection-policy-update\/\" rel=\"bookmark\" title=\"Lien permanent : Data Protection Policy Update\">Data Protection Policy Update<span class=\"post-format-icon minor-meta\"><\/span><\/a><\/h2><\/div><\/header><span class=\"av-vertical-delimiter\"><\/span><div class=\"big-preview single-big\"  itemprop=\"image\" itemscope=\"itemscope\" itemtype=\"https:\/\/schema.org\/ImageObject\" ><a href=\"https:\/\/t-tresserras.com\/fr\/data-protection-policy-update\/\"  title=\"Data Protection Policy Update\" ><img decoding=\"async\" loading=\"lazy\" width=\"797\" height=\"423\" src=\"https:\/\/t-tresserras.com\/wp-content\/uploads\/2018\/05\/269_2-797x423.jpg\" class=\"wp-image-5286 avia-img-lazy-loading-5286 attachment-entry_without_sidebar size-entry_without_sidebar wp-post-image\" alt=\"\" \/><\/a><\/div><div class=\"entry-content\"  itemprop=\"text\" ><p>We\u2019d like to inform you about our new privacy policy so that you can continue receiving information from us with full guarantees and protection. In accordance with the European Union\u2019s General Regulation on Data Protection, which is applicable as of May 25, you are hereby informed that the personal data we possess has been included [&hellip;]<\/p>\n<div class=\"read-more-link\"><a href=\"https:\/\/t-tresserras.com\/fr\/data-protection-policy-update\/\" class=\"more-link\">Lire la suite<span class='more-link-arrow avia-svg-icon avia-font-svg_entypo-fontello' data-av_svg_icon='right-open-big' data-av_iconset='svg_entypo-fontello'><svg version=\"1.1\" xmlns=\"http:\/\/www.w3.org\/2000\/svg\" width=\"15\" height=\"32\" viewBox=\"0 0 15 32\" preserveAspectRatio=\"xMidYMid meet\" role=\"graphics-symbol\" aria-hidden=\"true\">\n<path d=\"M0.416 27.84l11.456-11.84-11.456-11.904q-0.832-0.832 0-1.536 0.832-0.832 1.536 0l12.544 12.608q0.768 0.832 0 1.6l-12.544 12.608q-0.704 0.832-1.536 0-0.832-0.704 0-1.536z\"><\/path>\n<\/svg><\/span><\/a><\/div>\n<\/div><span class=\"post-meta-infos\"><\/span><footer class=\"entry-footer\"><\/footer><div class='post_delimiter'><\/div><\/div><div class=\"post_author_timeline\"><\/div><span class='hidden'>\n\t\t\t\t<span class='av-structured-data'  itemprop=\"image\" itemscope=\"itemscope\" itemtype=\"https:\/\/schema.org\/ImageObject\" >\n\t\t\t\t\t\t<span itemprop='url'>https:\/\/t-tresserras.com\/wp-content\/uploads\/2018\/05\/269_2.jpg<\/span>\n\t\t\t\t\t\t<span itemprop='height'>531<\/span>\n\t\t\t\t\t\t<span itemprop='width'>797<\/span>\n\t\t\t\t<\/span>\n\t\t\t\t<span class='av-structured-data'  itemprop=\"publisher\" itemtype=\"https:\/\/schema.org\/Organization\" itemscope=\"itemscope\" >\n\t\t\t\t\t\t<span itemprop='name'>clonica<\/span>\n\t\t\t\t\t\t<span itemprop='logo' itemscope itemtype='https:\/\/schema.org\/ImageObject'>\n\t\t\t\t\t\t\t<span itemprop='url'>https:\/\/t-tresserras.com\/wp-content\/uploads\/2019\/04\/LogoTresserras.png<\/span>\n\t\t\t\t\t\t<\/span>\n\t\t\t\t<\/span><span class='av-structured-data'  itemprop=\"author\" itemscope=\"itemscope\" itemtype=\"https:\/\/schema.org\/Person\" ><span itemprop='name'>clonica<\/span><\/span><span class='av-structured-data'  itemprop=\"datePublished\" datetime=\"2018-05-25T12:49:10+01:00\" >2018-05-25 12:49:10<\/span><span class='av-structured-data'  itemprop=\"dateModified\" itemtype=\"https:\/\/schema.org\/dateModified\" >2021-10-20 13:01:06<\/span><span class='av-structured-data'  itemprop=\"mainEntityOfPage\" itemtype=\"https:\/\/schema.org\/mainEntityOfPage\" ><span itemprop='name'>Data Protection Policy Update<\/span><\/span><\/span><\/article><article class=\"post-entry post-entry-type-standard post-entry-4524 post-loop-5 post-parity-odd single-big with-slider post-4524 post type-post status-publish format-standard has-post-thumbnail hentry category-routes-fr\"  itemscope=\"itemscope\" itemtype=\"https:\/\/schema.org\/BlogPosting\" ><div class=\"blog-meta\"><\/div><div class='entry-content-wrapper clearfix standard-content'><header class=\"entry-content-header\" aria-label=\"Articles : TRANSPORTS TRESSERRAS &lt;br&gt;\u00c9LARGIT LES ROUTES\u2028\"><div class=\"av-heading-wrapper\"><span class=\"blog-categories minor-meta\"><a href=\"https:\/\/t-tresserras.com\/fr\/category\/routes-fr\/\" rel=\"tag\">ROUTES<\/a><\/span><h2 class='post-title entry-title '  itemprop=\"headline\" ><a href=\"https:\/\/t-tresserras.com\/fr\/transports-tresserras-elargit-les-routes%e2%80%a8\/\" rel=\"bookmark\" title=\"Lien permanent : TRANSPORTS TRESSERRAS &lt;br&gt;\u00c9LARGIT LES ROUTES\u2028\">TRANSPORTS TRESSERRAS <br>\u00c9LARGIT LES ROUTES\u2028<span class=\"post-format-icon minor-meta\"><\/span><\/a><\/h2><\/div><\/header><span class=\"av-vertical-delimiter\"><\/span><div class=\"big-preview single-big\"  itemprop=\"image\" itemscope=\"itemscope\" itemtype=\"https:\/\/schema.org\/ImageObject\" ><a href=\"https:\/\/t-tresserras.com\/fr\/transports-tresserras-elargit-les-routes%e2%80%a8\/\"  title=\"TRANSPORTS TRESSERRAS \u00c9LARGIT LES ROUTES\u2028\" ><img decoding=\"async\" loading=\"lazy\" width=\"797\" height=\"306\" src=\"https:\/\/t-tresserras.com\/wp-content\/uploads\/2014\/08\/NOTICIA_2.jpg\" class=\"wp-image-950 avia-img-lazy-loading-950 attachment-entry_without_sidebar size-entry_without_sidebar wp-post-image\" alt=\"\" srcset=\"https:\/\/t-tresserras.com\/wp-content\/uploads\/2014\/08\/NOTICIA_2.jpg 797w, https:\/\/t-tresserras.com\/wp-content\/uploads\/2014\/08\/NOTICIA_2-300x115.jpg 300w, https:\/\/t-tresserras.com\/wp-content\/uploads\/2014\/08\/NOTICIA_2-768x295.jpg 768w, https:\/\/t-tresserras.com\/wp-content\/uploads\/2014\/08\/NOTICIA_2-705x271.jpg 705w, https:\/\/t-tresserras.com\/wp-content\/uploads\/2014\/08\/NOTICIA_2-450x173.jpg 450w\" sizes=\"auto, (max-width: 797px) 100vw, 797px\" \/><\/a><\/div><div class=\"entry-content\"  itemprop=\"text\" ><p>En suivant la philosophie d&rsquo;enterprise de Transports Tresserras, fond\u00e9e sur l&rsquo;am\u00e9lioration constante des services et sur la valeur ajout\u00e9e que nous pouvons apporter \u00e0 nos clients, nous avons travaill\u00e9 pour \u00e9largir nos routes. &nbsp; Depuis mi-octobre, des d\u00e9parts quotidiens sont effectu\u00e9s vers : FRANCE, ALLEMAGNE e ITALIE. &nbsp; Avec origine : CASTELL\u00d3N, VALENCE, ALICANTE ET [&hellip;]<\/p>\n<div class=\"read-more-link\"><a href=\"https:\/\/t-tresserras.com\/fr\/transports-tresserras-elargit-les-routes%e2%80%a8\/\" class=\"more-link\">Lire la suite<span class='more-link-arrow avia-svg-icon avia-font-svg_entypo-fontello' data-av_svg_icon='right-open-big' data-av_iconset='svg_entypo-fontello'><svg version=\"1.1\" xmlns=\"http:\/\/www.w3.org\/2000\/svg\" width=\"15\" height=\"32\" viewBox=\"0 0 15 32\" preserveAspectRatio=\"xMidYMid meet\" role=\"graphics-symbol\" aria-hidden=\"true\">\n<path d=\"M0.416 27.84l11.456-11.84-11.456-11.904q-0.832-0.832 0-1.536 0.832-0.832 1.536 0l12.544 12.608q0.768 0.832 0 1.6l-12.544 12.608q-0.704 0.832-1.536 0-0.832-0.704 0-1.536z\"><\/path>\n<\/svg><\/span><\/a><\/div>\n<\/div><span class=\"post-meta-infos\"><\/span><footer class=\"entry-footer\"><\/footer><div class='post_delimiter'><\/div><\/div><div class=\"post_author_timeline\"><\/div><span class='hidden'>\n\t\t\t\t<span class='av-structured-data'  itemprop=\"image\" itemscope=\"itemscope\" itemtype=\"https:\/\/schema.org\/ImageObject\" >\n\t\t\t\t\t\t<span itemprop='url'>https:\/\/t-tresserras.com\/wp-content\/uploads\/2014\/08\/NOTICIA_2.jpg<\/span>\n\t\t\t\t\t\t<span itemprop='height'>306<\/span>\n\t\t\t\t\t\t<span itemprop='width'>797<\/span>\n\t\t\t\t<\/span>\n\t\t\t\t<span class='av-structured-data'  itemprop=\"publisher\" itemtype=\"https:\/\/schema.org\/Organization\" itemscope=\"itemscope\" >\n\t\t\t\t\t\t<span itemprop='name'>Meritxell Mis<\/span>\n\t\t\t\t\t\t<span itemprop='logo' itemscope itemtype='https:\/\/schema.org\/ImageObject'>\n\t\t\t\t\t\t\t<span itemprop='url'>https:\/\/t-tresserras.com\/wp-content\/uploads\/2019\/04\/LogoTresserras.png<\/span>\n\t\t\t\t\t\t<\/span>\n\t\t\t\t<\/span><span class='av-structured-data'  itemprop=\"author\" itemscope=\"itemscope\" itemtype=\"https:\/\/schema.org\/Person\" ><span itemprop='name'>Meritxell Mis<\/span><\/span><span class='av-structured-data'  itemprop=\"datePublished\" datetime=\"2017-11-11T12:09:51+01:00\" >2017-11-11 12:09:51<\/span><span class='av-structured-data'  itemprop=\"dateModified\" itemtype=\"https:\/\/schema.org\/dateModified\" >2021-10-20 13:01:16<\/span><span class='av-structured-data'  itemprop=\"mainEntityOfPage\" itemtype=\"https:\/\/schema.org\/mainEntityOfPage\" ><span itemprop='name'>TRANSPORTS TRESSERRAS <br>\u00c9LARGIT LES ROUTES\u2028<\/span><\/span><\/span><\/article><article class=\"post-entry post-entry-type-standard post-entry-4535 post-loop-6 post-parity-even single-big with-slider post-4535 post type-post status-publish format-standard has-post-thumbnail hentry category-securite\"  itemscope=\"itemscope\" itemtype=\"https:\/\/schema.org\/BlogPosting\" ><div class=\"blog-meta\"><\/div><div class='entry-content-wrapper clearfix standard-content'><header class=\"entry-content-header\" aria-label=\"Articles : IMPLANTATION DU NOUVEAU SYST\u00c8ME &lt;br&gt;DE GESTION IFS\u2028\"><div class=\"av-heading-wrapper\"><span class=\"blog-categories minor-meta\"><a href=\"https:\/\/t-tresserras.com\/fr\/category\/securite\/\" rel=\"tag\">S\u00c9CURIT\u00c9<\/a><\/span><h2 class='post-title entry-title '  itemprop=\"headline\" ><a href=\"https:\/\/t-tresserras.com\/fr\/implantation-du-nouveau-systeme-de-gestion-ifs%e2%80%a8\/\" rel=\"bookmark\" title=\"Lien permanent : IMPLANTATION DU NOUVEAU SYST\u00c8ME &lt;br&gt;DE GESTION IFS\u2028\">IMPLANTATION DU NOUVEAU SYST\u00c8ME <br>DE GESTION IFS\u2028<span class=\"post-format-icon minor-meta\"><\/span><\/a><\/h2><\/div><\/header><span class=\"av-vertical-delimiter\"><\/span><div class=\"big-preview single-big\"  itemprop=\"image\" itemscope=\"itemscope\" itemtype=\"https:\/\/schema.org\/ImageObject\" ><a href=\"https:\/\/t-tresserras.com\/fr\/implantation-du-nouveau-systeme-de-gestion-ifs%e2%80%a8\/\"  title=\"IMPLANTATION DU NOUVEAU SYST\u00c8ME DE GESTION IFS\u2028\" ><img decoding=\"async\" loading=\"lazy\" width=\"797\" height=\"306\" src=\"https:\/\/t-tresserras.com\/wp-content\/uploads\/2014\/08\/NOTICIA_1.jpg\" class=\"wp-image-951 avia-img-lazy-loading-951 attachment-entry_without_sidebar size-entry_without_sidebar wp-post-image\" alt=\"\" srcset=\"https:\/\/t-tresserras.com\/wp-content\/uploads\/2014\/08\/NOTICIA_1.jpg 797w, https:\/\/t-tresserras.com\/wp-content\/uploads\/2014\/08\/NOTICIA_1-300x115.jpg 300w, https:\/\/t-tresserras.com\/wp-content\/uploads\/2014\/08\/NOTICIA_1-768x295.jpg 768w, https:\/\/t-tresserras.com\/wp-content\/uploads\/2014\/08\/NOTICIA_1-705x271.jpg 705w, https:\/\/t-tresserras.com\/wp-content\/uploads\/2014\/08\/NOTICIA_1-450x173.jpg 450w\" sizes=\"auto, (max-width: 797px) 100vw, 797px\" \/><\/a><\/div><div class=\"entry-content\"  itemprop=\"text\" ><p>Chez Transports Tresserras, visant \u00e0 garantir la s\u00e9curit\u00e9 alimentaire des personnes qui consomment les aliments que nous transportons, nous avons mis\u00e9 sur l\u2019implantation d\u2019un syst\u00e8me de gestion de la s\u00e9curit\u00e9 alimentaire fond\u00e9 sur les IFS (International Featured Standards) Logistics, version 2.1. Pendant le processus d\u2019implantation qui est lanc\u00e9, nous devrons compter sur la collaboration de [&hellip;]<\/p>\n<div class=\"read-more-link\"><a href=\"https:\/\/t-tresserras.com\/fr\/implantation-du-nouveau-systeme-de-gestion-ifs%e2%80%a8\/\" class=\"more-link\">Lire la suite<span class='more-link-arrow avia-svg-icon avia-font-svg_entypo-fontello' data-av_svg_icon='right-open-big' data-av_iconset='svg_entypo-fontello'><svg version=\"1.1\" xmlns=\"http:\/\/www.w3.org\/2000\/svg\" width=\"15\" height=\"32\" viewBox=\"0 0 15 32\" preserveAspectRatio=\"xMidYMid meet\" role=\"graphics-symbol\" aria-hidden=\"true\">\n<path d=\"M0.416 27.84l11.456-11.84-11.456-11.904q-0.832-0.832 0-1.536 0.832-0.832 1.536 0l12.544 12.608q0.768 0.832 0 1.6l-12.544 12.608q-0.704 0.832-1.536 0-0.832-0.704 0-1.536z\"><\/path>\n<\/svg><\/span><\/a><\/div>\n<\/div><span class=\"post-meta-infos\"><\/span><footer class=\"entry-footer\"><\/footer><div class='post_delimiter'><\/div><\/div><div class=\"post_author_timeline\"><\/div><span class='hidden'>\n\t\t\t\t<span class='av-structured-data'  itemprop=\"image\" itemscope=\"itemscope\" itemtype=\"https:\/\/schema.org\/ImageObject\" >\n\t\t\t\t\t\t<span itemprop='url'>https:\/\/t-tresserras.com\/wp-content\/uploads\/2014\/08\/NOTICIA_1.jpg<\/span>\n\t\t\t\t\t\t<span itemprop='height'>306<\/span>\n\t\t\t\t\t\t<span itemprop='width'>797<\/span>\n\t\t\t\t<\/span>\n\t\t\t\t<span class='av-structured-data'  itemprop=\"publisher\" itemtype=\"https:\/\/schema.org\/Organization\" itemscope=\"itemscope\" >\n\t\t\t\t\t\t<span itemprop='name'>Meritxell Mis<\/span>\n\t\t\t\t\t\t<span itemprop='logo' itemscope itemtype='https:\/\/schema.org\/ImageObject'>\n\t\t\t\t\t\t\t<span itemprop='url'>https:\/\/t-tresserras.com\/wp-content\/uploads\/2019\/04\/LogoTresserras.png<\/span>\n\t\t\t\t\t\t<\/span>\n\t\t\t\t<\/span><span class='av-structured-data'  itemprop=\"author\" itemscope=\"itemscope\" itemtype=\"https:\/\/schema.org\/Person\" ><span itemprop='name'>Meritxell Mis<\/span><\/span><span class='av-structured-data'  itemprop=\"datePublished\" datetime=\"2017-11-10T12:32:29+01:00\" >2017-11-10 12:32:29<\/span><span class='av-structured-data'  itemprop=\"dateModified\" itemtype=\"https:\/\/schema.org\/dateModified\" >2021-10-20 13:01:26<\/span><span class='av-structured-data'  itemprop=\"mainEntityOfPage\" itemtype=\"https:\/\/schema.org\/mainEntityOfPage\" ><span itemprop='name'>IMPLANTATION DU NOUVEAU SYST\u00c8ME <br>DE GESTION IFS\u2028<\/span><\/span><\/span><\/article><article class=\"post-entry post-entry-type-standard post-entry-4536 post-loop-7 post-parity-odd post-entry-last single-big with-slider post-4536 post type-post status-publish format-standard has-post-thumbnail hentry category-prestige-fr\"  itemscope=\"itemscope\" itemtype=\"https:\/\/schema.org\/BlogPosting\" ><div class=\"blog-meta\"><\/div><div class='entry-content-wrapper clearfix standard-content'><header class=\"entry-content-header\" aria-label=\"Articles : AVANTAGES DE CONFIER DANS &lt;br&gt;TRANSPORTS TRESSERRAS\u2028\"><div class=\"av-heading-wrapper\"><span class=\"blog-categories minor-meta\"><a href=\"https:\/\/t-tresserras.com\/fr\/category\/prestige-fr\/\" rel=\"tag\">PRESTIGE<\/a><\/span><h2 class='post-title entry-title '  itemprop=\"headline\" ><a href=\"https:\/\/t-tresserras.com\/fr\/avantages-de-confier-dans-transports-tresserras%e2%80%a8\/\" rel=\"bookmark\" title=\"Lien permanent : AVANTAGES DE CONFIER DANS &lt;br&gt;TRANSPORTS TRESSERRAS\u2028\">AVANTAGES DE CONFIER DANS <br>TRANSPORTS TRESSERRAS\u2028<span class=\"post-format-icon minor-meta\"><\/span><\/a><\/h2><\/div><\/header><span class=\"av-vertical-delimiter\"><\/span><div class=\"big-preview single-big\"  itemprop=\"image\" itemscope=\"itemscope\" itemtype=\"https:\/\/schema.org\/ImageObject\" ><a href=\"https:\/\/t-tresserras.com\/fr\/avantages-de-confier-dans-transports-tresserras%e2%80%a8\/\"  title=\"AVANTAGES DE CONFIER DANS TRANSPORTS TRESSERRAS\u2028\" ><img decoding=\"async\" loading=\"lazy\" width=\"1210\" height=\"423\" src=\"https:\/\/t-tresserras.com\/wp-content\/uploads\/2017\/10\/FOOD-1210x423.jpg\" class=\"wp-image-1324 avia-img-lazy-loading-1324 attachment-entry_without_sidebar size-entry_without_sidebar wp-post-image\" alt=\"\" srcset=\"https:\/\/t-tresserras.com\/wp-content\/uploads\/2017\/10\/FOOD-1210x423.jpg 1210w, https:\/\/t-tresserras.com\/wp-content\/uploads\/2017\/10\/FOOD-300x104.jpg 300w, https:\/\/t-tresserras.com\/wp-content\/uploads\/2017\/10\/FOOD-450x156.jpg 450w\" sizes=\"auto, (max-width: 1210px) 100vw, 1210px\" \/><\/a><\/div><div class=\"entry-content\"  itemprop=\"text\" ><p>Le prestige atteint pour \u00eatre la soci\u00e9t\u00e9 de transports la plus ancienne du pays nous a fourni des valeurs et une exp\u00e9rience qui se transforment en avantages pour nos clients : KNOW-HOW EN TTCG INTERNATIONAL (EXP\u00c9RIENCE) : Nos clientes \u00e9valuent tr\u00e8s positivement l\u2019exp\u00e9rience de 138 ans dans le secteur du transport. SP\u00c9CIALISATION SECTORIELLE EN GROUPAGE [&hellip;]<\/p>\n<div class=\"read-more-link\"><a href=\"https:\/\/t-tresserras.com\/fr\/avantages-de-confier-dans-transports-tresserras%e2%80%a8\/\" class=\"more-link\">Lire la suite<span class='more-link-arrow avia-svg-icon avia-font-svg_entypo-fontello' data-av_svg_icon='right-open-big' data-av_iconset='svg_entypo-fontello'><svg version=\"1.1\" xmlns=\"http:\/\/www.w3.org\/2000\/svg\" width=\"15\" height=\"32\" viewBox=\"0 0 15 32\" preserveAspectRatio=\"xMidYMid meet\" role=\"graphics-symbol\" aria-hidden=\"true\">\n<path d=\"M0.416 27.84l11.456-11.84-11.456-11.904q-0.832-0.832 0-1.536 0.832-0.832 1.536 0l12.544 12.608q0.768 0.832 0 1.6l-12.544 12.608q-0.704 0.832-1.536 0-0.832-0.704 0-1.536z\"><\/path>\n<\/svg><\/span><\/a><\/div>\n<\/div><span class=\"post-meta-infos\"><\/span><footer class=\"entry-footer\"><\/footer><div class='post_delimiter'><\/div><\/div><div class=\"post_author_timeline\"><\/div><span class='hidden'>\n\t\t\t\t<span class='av-structured-data'  itemprop=\"image\" itemscope=\"itemscope\" itemtype=\"https:\/\/schema.org\/ImageObject\" >\n\t\t\t\t\t\t<span itemprop='url'>https:\/\/t-tresserras.com\/wp-content\/uploads\/2017\/10\/FOOD.jpg<\/span>\n\t\t\t\t\t\t<span itemprop='height'>664<\/span>\n\t\t\t\t\t\t<span itemprop='width'>1920<\/span>\n\t\t\t\t<\/span>\n\t\t\t\t<span class='av-structured-data'  itemprop=\"publisher\" itemtype=\"https:\/\/schema.org\/Organization\" itemscope=\"itemscope\" >\n\t\t\t\t\t\t<span itemprop='name'>Meritxell Mis<\/span>\n\t\t\t\t\t\t<span itemprop='logo' itemscope itemtype='https:\/\/schema.org\/ImageObject'>\n\t\t\t\t\t\t\t<span itemprop='url'>https:\/\/t-tresserras.com\/wp-content\/uploads\/2019\/04\/LogoTresserras.png<\/span>\n\t\t\t\t\t\t<\/span>\n\t\t\t\t<\/span><span class='av-structured-data'  itemprop=\"author\" itemscope=\"itemscope\" itemtype=\"https:\/\/schema.org\/Person\" ><span itemprop='name'>Meritxell Mis<\/span><\/span><span class='av-structured-data'  itemprop=\"datePublished\" datetime=\"2017-11-09T14:20:51+01:00\" >2017-11-09 14:20:51<\/span><span class='av-structured-data'  itemprop=\"dateModified\" itemtype=\"https:\/\/schema.org\/dateModified\" >2021-10-20 13:01:38<\/span><span class='av-structured-data'  itemprop=\"mainEntityOfPage\" itemtype=\"https:\/\/schema.org\/mainEntityOfPage\" ><span itemprop='name'>AVANTAGES DE CONFIER DANS <br>TRANSPORTS TRESSERRAS\u2028<\/span><\/span><\/span><\/article><div class='single-big'><\/div><\/div><\/div>\n","protected":false},"excerpt":{"rendered":"","protected":false},"author":1,"featured_media":0,"parent":0,"menu_order":0,"comment_status":"closed","ping_status":"closed","template":"","meta":{"footnotes":""},"class_list":["post-4283","page","type-page","status-publish","hentry"],"yoast_head":"<!-- This site is optimized with the Yoast SEO plugin v27.4 - https:\/\/yoast.com\/product\/yoast-seo-wordpress\/ -->\n<title>Transport International de marchandises sous temp\u00e9rature dirig\u00e9e | ACTUALIT\u00c9S<\/title>\n<meta name=\"description\" content=\"Transports Tresserras est un prestataire sp\u00e9cialis\u00e9 dans le transport international de marchandises sous temp\u00e9rature dirig\u00e9e. ACTUALIT\u00c9S .\" \/>\n<meta name=\"robots\" content=\"index, follow, max-snippet:-1, max-image-preview:large, max-video-preview:-1\" \/>\n<link rel=\"canonical\" href=\"https:\/\/t-tresserras.com\/fr\/actualites\/\" \/>\n<meta property=\"og:locale\" content=\"fr_FR\" \/>\n<meta property=\"og:type\" content=\"article\" \/>\n<meta property=\"og:title\" content=\"Transport International de marchandises sous temp\u00e9rature dirig\u00e9e | ACTUALIT\u00c9S\" \/>\n<meta property=\"og:description\" content=\"Transports Tresserras est un prestataire sp\u00e9cialis\u00e9 dans le transport international de marchandises sous temp\u00e9rature dirig\u00e9e. ACTUALIT\u00c9S .\" \/>\n<meta property=\"og:url\" content=\"https:\/\/t-tresserras.com\/fr\/actualites\/\" \/>\n<meta property=\"og:site_name\" content=\"Transports Tresserras\" \/>\n<meta property=\"article:publisher\" content=\"https:\/\/www.facebook.com\/pages\/Transports-Tresserras\" \/>\n<meta property=\"article:modified_time\" content=\"2018-05-29T14:52:06+00:00\" \/>\n<meta property=\"og:image\" content=\"https:\/\/t-tresserras.com\/wp-content\/uploads\/2017\/10\/CAMIONS_2.jpg\" \/>\n\t<meta property=\"og:image:width\" content=\"1239\" \/>\n\t<meta property=\"og:image:height\" content=\"670\" \/>\n\t<meta property=\"og:image:type\" content=\"image\/jpeg\" \/>\n<meta name=\"twitter:card\" content=\"summary_large_image\" \/>\n<script type=\"application\/ld+json\" class=\"yoast-schema-graph\">{\"@context\":\"https:\\\/\\\/schema.org\",\"@graph\":[{\"@type\":\"WebPage\",\"@id\":\"https:\\\/\\\/t-tresserras.com\\\/fr\\\/actualites\\\/\",\"url\":\"https:\\\/\\\/t-tresserras.com\\\/fr\\\/actualites\\\/\",\"name\":\"Transport International de marchandises sous temp\u00e9rature dirig\u00e9e | ACTUALIT\u00c9S\",\"isPartOf\":{\"@id\":\"https:\\\/\\\/t-tresserras.com\\\/fr\\\/#website\"},\"datePublished\":\"2018-04-25T08:56:13+00:00\",\"dateModified\":\"2018-05-29T14:52:06+00:00\",\"description\":\"Transports Tresserras est un prestataire sp\u00e9cialis\u00e9 dans le transport international de marchandises sous temp\u00e9rature dirig\u00e9e. ACTUALIT\u00c9S .\",\"breadcrumb\":{\"@id\":\"https:\\\/\\\/t-tresserras.com\\\/fr\\\/actualites\\\/#breadcrumb\"},\"inLanguage\":\"fr-FR\",\"potentialAction\":[{\"@type\":\"ReadAction\",\"target\":[\"https:\\\/\\\/t-tresserras.com\\\/fr\\\/actualites\\\/\"]}]},{\"@type\":\"BreadcrumbList\",\"@id\":\"https:\\\/\\\/t-tresserras.com\\\/fr\\\/actualites\\\/#breadcrumb\",\"itemListElement\":[{\"@type\":\"ListItem\",\"position\":1,\"name\":\"Inici\",\"item\":\"https:\\\/\\\/t-tresserras.com\\\/fr\\\/home\\\/\"},{\"@type\":\"ListItem\",\"position\":2,\"name\":\"ACTUALIT\u00c9S\"}]},{\"@type\":\"WebSite\",\"@id\":\"https:\\\/\\\/t-tresserras.com\\\/fr\\\/#website\",\"url\":\"https:\\\/\\\/t-tresserras.com\\\/fr\\\/\",\"name\":\"Transports Tresserras\",\"description\":\"Altre lloc gestionat amb el WordPress\",\"publisher\":{\"@id\":\"https:\\\/\\\/t-tresserras.com\\\/fr\\\/#organization\"},\"potentialAction\":[{\"@type\":\"SearchAction\",\"target\":{\"@type\":\"EntryPoint\",\"urlTemplate\":\"https:\\\/\\\/t-tresserras.com\\\/fr\\\/?s={search_term_string}\"},\"query-input\":{\"@type\":\"PropertyValueSpecification\",\"valueRequired\":true,\"valueName\":\"search_term_string\"}}],\"inLanguage\":\"fr-FR\"},{\"@type\":\"Organization\",\"@id\":\"https:\\\/\\\/t-tresserras.com\\\/fr\\\/#organization\",\"name\":\"Transportes Tresserras\",\"url\":\"https:\\\/\\\/t-tresserras.com\\\/fr\\\/\",\"logo\":{\"@type\":\"ImageObject\",\"inLanguage\":\"fr-FR\",\"@id\":\"https:\\\/\\\/t-tresserras.com\\\/fr\\\/#\\\/schema\\\/logo\\\/image\\\/\",\"url\":\"https:\\\/\\\/t-tresserras.com\\\/wp-content\\\/uploads\\\/2017\\\/07\\\/t-tresserras.jpg\",\"contentUrl\":\"https:\\\/\\\/t-tresserras.com\\\/wp-content\\\/uploads\\\/2017\\\/07\\\/t-tresserras.jpg\",\"width\":1144,\"height\":507,\"caption\":\"Transportes Tresserras\"},\"image\":{\"@id\":\"https:\\\/\\\/t-tresserras.com\\\/fr\\\/#\\\/schema\\\/logo\\\/image\\\/\"},\"sameAs\":[\"https:\\\/\\\/www.facebook.com\\\/pages\\\/Transports-Tresserras\",\"https:\\\/\\\/www.linkedin.com\\\/company\\\/transporte-t-tresserras\"]}]}<\/script>\n<!-- \/ Yoast SEO plugin. -->","yoast_head_json":{"title":"Transport International de marchandises sous temp\u00e9rature dirig\u00e9e | ACTUALIT\u00c9S","description":"Transports Tresserras est un prestataire sp\u00e9cialis\u00e9 dans le transport international de marchandises sous temp\u00e9rature dirig\u00e9e. ACTUALIT\u00c9S .","robots":{"index":"index","follow":"follow","max-snippet":"max-snippet:-1","max-image-preview":"max-image-preview:large","max-video-preview":"max-video-preview:-1"},"canonical":"https:\/\/t-tresserras.com\/fr\/actualites\/","og_locale":"fr_FR","og_type":"article","og_title":"Transport International de marchandises sous temp\u00e9rature dirig\u00e9e | ACTUALIT\u00c9S","og_description":"Transports Tresserras est un prestataire sp\u00e9cialis\u00e9 dans le transport international de marchandises sous temp\u00e9rature dirig\u00e9e. ACTUALIT\u00c9S .","og_url":"https:\/\/t-tresserras.com\/fr\/actualites\/","og_site_name":"Transports Tresserras","article_publisher":"https:\/\/www.facebook.com\/pages\/Transports-Tresserras","article_modified_time":"2018-05-29T14:52:06+00:00","og_image":[{"width":1239,"height":670,"url":"https:\/\/t-tresserras.com\/wp-content\/uploads\/2017\/10\/CAMIONS_2.jpg","type":"image\/jpeg"}],"twitter_card":"summary_large_image","schema":{"@context":"https:\/\/schema.org","@graph":[{"@type":"WebPage","@id":"https:\/\/t-tresserras.com\/fr\/actualites\/","url":"https:\/\/t-tresserras.com\/fr\/actualites\/","name":"Transport International de marchandises sous temp\u00e9rature dirig\u00e9e | ACTUALIT\u00c9S","isPartOf":{"@id":"https:\/\/t-tresserras.com\/fr\/#website"},"datePublished":"2018-04-25T08:56:13+00:00","dateModified":"2018-05-29T14:52:06+00:00","description":"Transports Tresserras est un prestataire sp\u00e9cialis\u00e9 dans le transport international de marchandises sous temp\u00e9rature dirig\u00e9e. ACTUALIT\u00c9S .","breadcrumb":{"@id":"https:\/\/t-tresserras.com\/fr\/actualites\/#breadcrumb"},"inLanguage":"fr-FR","potentialAction":[{"@type":"ReadAction","target":["https:\/\/t-tresserras.com\/fr\/actualites\/"]}]},{"@type":"BreadcrumbList","@id":"https:\/\/t-tresserras.com\/fr\/actualites\/#breadcrumb","itemListElement":[{"@type":"ListItem","position":1,"name":"Inici","item":"https:\/\/t-tresserras.com\/fr\/home\/"},{"@type":"ListItem","position":2,"name":"ACTUALIT\u00c9S"}]},{"@type":"WebSite","@id":"https:\/\/t-tresserras.com\/fr\/#website","url":"https:\/\/t-tresserras.com\/fr\/","name":"Transports Tresserras","description":"Altre lloc gestionat amb el WordPress","publisher":{"@id":"https:\/\/t-tresserras.com\/fr\/#organization"},"potentialAction":[{"@type":"SearchAction","target":{"@type":"EntryPoint","urlTemplate":"https:\/\/t-tresserras.com\/fr\/?s={search_term_string}"},"query-input":{"@type":"PropertyValueSpecification","valueRequired":true,"valueName":"search_term_string"}}],"inLanguage":"fr-FR"},{"@type":"Organization","@id":"https:\/\/t-tresserras.com\/fr\/#organization","name":"Transportes Tresserras","url":"https:\/\/t-tresserras.com\/fr\/","logo":{"@type":"ImageObject","inLanguage":"fr-FR","@id":"https:\/\/t-tresserras.com\/fr\/#\/schema\/logo\/image\/","url":"https:\/\/t-tresserras.com\/wp-content\/uploads\/2017\/07\/t-tresserras.jpg","contentUrl":"https:\/\/t-tresserras.com\/wp-content\/uploads\/2017\/07\/t-tresserras.jpg","width":1144,"height":507,"caption":"Transportes Tresserras"},"image":{"@id":"https:\/\/t-tresserras.com\/fr\/#\/schema\/logo\/image\/"},"sameAs":["https:\/\/www.facebook.com\/pages\/Transports-Tresserras","https:\/\/www.linkedin.com\/company\/transporte-t-tresserras"]}]}},"_links":{"self":[{"href":"https:\/\/t-tresserras.com\/fr\/wp-json\/wp\/v2\/pages\/4283","targetHints":{"allow":["GET"]}}],"collection":[{"href":"https:\/\/t-tresserras.com\/fr\/wp-json\/wp\/v2\/pages"}],"about":[{"href":"https:\/\/t-tresserras.com\/fr\/wp-json\/wp\/v2\/types\/page"}],"author":[{"embeddable":true,"href":"https:\/\/t-tresserras.com\/fr\/wp-json\/wp\/v2\/users\/1"}],"replies":[{"embeddable":true,"href":"https:\/\/t-tresserras.com\/fr\/wp-json\/wp\/v2\/comments?post=4283"}],"version-history":[{"count":0,"href":"https:\/\/t-tresserras.com\/fr\/wp-json\/wp\/v2\/pages\/4283\/revisions"}],"wp:attachment":[{"href":"https:\/\/t-tresserras.com\/fr\/wp-json\/wp\/v2\/media?parent=4283"}],"curies":[{"name":"wp","href":"https:\/\/api.w.org\/{rel}","templated":true}]}}