{"id":2510,"date":"2018-02-15T09:49:16","date_gmt":"2018-02-15T08:49:16","guid":{"rendered":"http:\/\/www.t-tresserras.com\/noticies\/"},"modified":"2018-05-29T15:50:17","modified_gmt":"2018-05-29T14:50:17","slug":"noticies","status":"publish","type":"page","link":"https:\/\/t-tresserras.com\/ca\/noticies\/","title":{"rendered":"NOT\u00cdCIES"},"content":{"rendered":"\n<style type=\"text\/css\" data-created_by=\"avia_inline_auto\" id=\"style-css-av-av_one_full-15d750bd1b332b34c6e70b077ebbccdf\">\n.flex_column.av-av_one_full-15d750bd1b332b34c6e70b077ebbccdf{\nborder-radius:0px 0px 0px 0px;\npadding:0px 0px 0px 0px;\n}\n<\/style>\n<div  class='flex_column av-av_one_full-15d750bd1b332b34c6e70b077ebbccdf av_one_full  avia-builder-el-0  avia-builder-el-no-sibling  first flex_column_div av-zero-column-padding  '     ><div  class='av-alb-blogposts template-blog  av-blog-meta-author-disabled av-blog-meta-comments-disabled av-blog-meta-date-disabled '  itemscope=\"itemscope\" itemtype=\"https:\/\/schema.org\/Blog\" ><article class=\"post-entry post-entry-type-image post-entry-8654 post-loop-1 post-parity-odd single-big  post-8654 post type-post status-publish format-image has-post-thumbnail hentry category-rutes post_format-post-format-image\"  itemscope=\"itemscope\" itemtype=\"https:\/\/schema.org\/BlogPosting\" ><div class=\"blog-meta\"><\/div><div class='entry-content-wrapper clearfix image-content'><header class=\"entry-content-header\" aria-label=\"Post: REQUISITS PER A EXPORTACI\u00d3 U.K.\"><div class=\"av-heading-wrapper\"><span class=\"blog-categories minor-meta\"><a href=\"https:\/\/t-tresserras.com\/ca\/category\/rutes\/\" rel=\"tag\">RUTES<\/a><\/span><h2 class='post-title entry-title '  itemprop=\"headline\" ><a href=\"https:\/\/t-tresserras.com\/ca\/requisits-per-a-exportacio-u-k\/\" rel=\"bookmark\" title=\"Permanent Link: REQUISITS PER A EXPORTACI\u00d3 U.K.\">REQUISITS PER A EXPORTACI\u00d3 U.K.<span class=\"post-format-icon minor-meta\"><\/span><\/a><\/h2><\/div><\/header><span class=\"av-vertical-delimiter\"><\/span><div class=\"big-preview single-big\"><div class=\"avia-post-format-image\"><a href=\"https:\/\/t-tresserras.com\/wp-content\/uploads\/2021\/10\/FotoNoti-Calendari-Tresserres.png\"><img decoding=\"async\" loading=\"lazy\" width=\"797\" height=\"685\" src=\"https:\/\/t-tresserras.com\/wp-content\/uploads\/2021\/10\/FotoNoti-Calendari-Tresserres.png\" class=\"wp-image-8661 avia-img-lazy-loading-8661 attachment-large size-large wp-post-image\" alt=\"\" srcset=\"https:\/\/t-tresserras.com\/wp-content\/uploads\/2021\/10\/FotoNoti-Calendari-Tresserres.png 797w, https:\/\/t-tresserras.com\/wp-content\/uploads\/2021\/10\/FotoNoti-Calendari-Tresserres-300x258.png 300w, https:\/\/t-tresserras.com\/wp-content\/uploads\/2021\/10\/FotoNoti-Calendari-Tresserres-768x660.png 768w, https:\/\/t-tresserras.com\/wp-content\/uploads\/2021\/10\/FotoNoti-Calendari-Tresserres-705x606.png 705w\" sizes=\"auto, (max-width: 797px) 100vw, 797px\" \/><\/a><\/div><\/div><div class=\"entry-content\"  itemprop=\"text\" ><p>Amb la finalitat de continuar oferint un millor servei Transports Tresserras ha redactat un document per a la seva informaci\u00f3 amb les notetats sobre les afectacions del Brexit. D&#8217;altra banda, hem elaborat un calendari general de sortides per a la recollida de mercaderia a Catalunya i lliuraments en el dest\u00ed els divendres, dilluns i dimarts. [&hellip;]<\/p>\n<div class=\"read-more-link\"><a href=\"https:\/\/t-tresserras.com\/ca\/requisits-per-a-exportacio-u-k\/\" class=\"more-link\">Llegir m\u00e9s<span class='more-link-arrow avia-svg-icon avia-font-svg_entypo-fontello' data-av_svg_icon='right-open-big' data-av_iconset='svg_entypo-fontello'><svg version=\"1.1\" xmlns=\"http:\/\/www.w3.org\/2000\/svg\" width=\"15\" height=\"32\" viewBox=\"0 0 15 32\" preserveAspectRatio=\"xMidYMid meet\" role=\"graphics-symbol\" aria-hidden=\"true\">\n<path d=\"M0.416 27.84l11.456-11.84-11.456-11.904q-0.832-0.832 0-1.536 0.832-0.832 1.536 0l12.544 12.608q0.768 0.832 0 1.6l-12.544 12.608q-0.704 0.832-1.536 0-0.832-0.704 0-1.536z\"><\/path>\n<\/svg><\/span><\/a><\/div>\n<\/div><span class=\"post-meta-infos\"><\/span><footer class=\"entry-footer\"><\/footer><div class='post_delimiter'><\/div><\/div><div class=\"post_author_timeline\"><\/div><span class='hidden'>\n\t\t\t\t<span class='av-structured-data'  itemprop=\"image\" itemscope=\"itemscope\" itemtype=\"https:\/\/schema.org\/ImageObject\" >\n\t\t\t\t\t\t<span itemprop='url'>https:\/\/t-tresserras.com\/wp-content\/uploads\/2021\/10\/FotoNoti-Calendari-Tresserres.png<\/span>\n\t\t\t\t\t\t<span itemprop='height'>685<\/span>\n\t\t\t\t\t\t<span itemprop='width'>797<\/span>\n\t\t\t\t<\/span>\n\t\t\t\t<span class='av-structured-data'  itemprop=\"publisher\" itemtype=\"https:\/\/schema.org\/Organization\" itemscope=\"itemscope\" >\n\t\t\t\t\t\t<span itemprop='name'>clonica<\/span>\n\t\t\t\t\t\t<span itemprop='logo' itemscope itemtype='https:\/\/schema.org\/ImageObject'>\n\t\t\t\t\t\t\t<span itemprop='url'>https:\/\/t-tresserras.com\/wp-content\/uploads\/2019\/04\/LogoTresserras.png<\/span>\n\t\t\t\t\t\t<\/span>\n\t\t\t\t<\/span><span class='av-structured-data'  itemprop=\"author\" itemscope=\"itemscope\" itemtype=\"https:\/\/schema.org\/Person\" ><span itemprop='name'>clonica<\/span><\/span><span class='av-structured-data'  itemprop=\"datePublished\" datetime=\"2021-10-20T08:46:07+01:00\" >2021-10-20 08:46:07<\/span><span class='av-structured-data'  itemprop=\"dateModified\" itemtype=\"https:\/\/schema.org\/dateModified\" >2021-10-20 13:05:07<\/span><span class='av-structured-data'  itemprop=\"mainEntityOfPage\" itemtype=\"https:\/\/schema.org\/mainEntityOfPage\" ><span itemprop='name'>REQUISITS PER A EXPORTACI\u00d3 U.K.<\/span><\/span><\/span><\/article><article class=\"post-entry post-entry-type-standard post-entry-8650 post-loop-2 post-parity-even single-big with-slider post-8650 post type-post status-publish format-standard has-post-thumbnail hentry category-rutes\"  itemscope=\"itemscope\" itemtype=\"https:\/\/schema.org\/BlogPosting\" ><div class=\"blog-meta\"><\/div><div class='entry-content-wrapper clearfix standard-content'><header class=\"entry-content-header\" aria-label=\"Post: NOVA L\u00cdNIA DIRECTA DE TRANSPORT A IRLANDA ELS DIVENDRES\"><div class=\"av-heading-wrapper\"><span class=\"blog-categories minor-meta\"><a href=\"https:\/\/t-tresserras.com\/ca\/category\/rutes\/\" rel=\"tag\">RUTES<\/a><\/span><h2 class='post-title entry-title '  itemprop=\"headline\" ><a href=\"https:\/\/t-tresserras.com\/ca\/nueva-linia-directa-de-transporte-a-irlanda-los-viernes\/\" rel=\"bookmark\" title=\"Permanent Link: NOVA L\u00cdNIA DIRECTA DE TRANSPORT A IRLANDA ELS DIVENDRES\">NOVA L\u00cdNIA DIRECTA DE TRANSPORT A IRLANDA ELS DIVENDRES<span class=\"post-format-icon minor-meta\"><\/span><\/a><\/h2><\/div><\/header><span class=\"av-vertical-delimiter\"><\/span><div class=\"big-preview single-big\"  itemprop=\"image\" itemscope=\"itemscope\" itemtype=\"https:\/\/schema.org\/ImageObject\" ><a href=\"https:\/\/t-tresserras.com\/ca\/nueva-linia-directa-de-transporte-a-irlanda-los-viernes\/\"  title=\"FotoNoti-irlanda2-Tresserres\" ><img decoding=\"async\" loading=\"lazy\" width=\"797\" height=\"306\" src=\"https:\/\/t-tresserras.com\/wp-content\/uploads\/2021\/10\/FotoNoti-irlanda2-Tresserres-1.png\" class=\"wp-image-8712 avia-img-lazy-loading-8712 attachment-entry_without_sidebar size-entry_without_sidebar wp-post-image\" alt=\"\" srcset=\"https:\/\/t-tresserras.com\/wp-content\/uploads\/2021\/10\/FotoNoti-irlanda2-Tresserres-1.png 797w, https:\/\/t-tresserras.com\/wp-content\/uploads\/2021\/10\/FotoNoti-irlanda2-Tresserres-1-300x115.png 300w, https:\/\/t-tresserras.com\/wp-content\/uploads\/2021\/10\/FotoNoti-irlanda2-Tresserres-1-768x295.png 768w, https:\/\/t-tresserras.com\/wp-content\/uploads\/2021\/10\/FotoNoti-irlanda2-Tresserres-1-705x271.png 705w\" sizes=\"auto, (max-width: 797px) 100vw, 797px\" \/><\/a><\/div><div class=\"entry-content\"  itemprop=\"text\" ><p>Transports Tresserras \u00e0mplia el servei de lliuraments amb la posada en marxa de la nova l\u00ednia directa de transport a Irlanda els divendres sense passar per U.K. D&#8217;aquesta manera podem evitar els tr\u00e0mits duaners i facilitar els tr\u00e0nsits de les seves mercaderies. Hem planificat les sortides des de les nostres instal\u00b7lacions a La Vall de [&hellip;]<\/p>\n<div class=\"read-more-link\"><a href=\"https:\/\/t-tresserras.com\/ca\/nueva-linia-directa-de-transporte-a-irlanda-los-viernes\/\" class=\"more-link\">Llegir m\u00e9s<span class='more-link-arrow avia-svg-icon avia-font-svg_entypo-fontello' data-av_svg_icon='right-open-big' data-av_iconset='svg_entypo-fontello'><svg version=\"1.1\" xmlns=\"http:\/\/www.w3.org\/2000\/svg\" width=\"15\" height=\"32\" viewBox=\"0 0 15 32\" preserveAspectRatio=\"xMidYMid meet\" role=\"graphics-symbol\" aria-hidden=\"true\">\n<path d=\"M0.416 27.84l11.456-11.84-11.456-11.904q-0.832-0.832 0-1.536 0.832-0.832 1.536 0l12.544 12.608q0.768 0.832 0 1.6l-12.544 12.608q-0.704 0.832-1.536 0-0.832-0.704 0-1.536z\"><\/path>\n<\/svg><\/span><\/a><\/div>\n<\/div><span class=\"post-meta-infos\"><\/span><footer class=\"entry-footer\"><\/footer><div class='post_delimiter'><\/div><\/div><div class=\"post_author_timeline\"><\/div><span class='hidden'>\n\t\t\t\t<span class='av-structured-data'  itemprop=\"image\" itemscope=\"itemscope\" itemtype=\"https:\/\/schema.org\/ImageObject\" >\n\t\t\t\t\t\t<span itemprop='url'>https:\/\/t-tresserras.com\/wp-content\/uploads\/2021\/10\/FotoNoti-irlanda2-Tresserres-1.png<\/span>\n\t\t\t\t\t\t<span itemprop='height'>306<\/span>\n\t\t\t\t\t\t<span itemprop='width'>797<\/span>\n\t\t\t\t<\/span>\n\t\t\t\t<span class='av-structured-data'  itemprop=\"publisher\" itemtype=\"https:\/\/schema.org\/Organization\" itemscope=\"itemscope\" >\n\t\t\t\t\t\t<span itemprop='name'>clonica<\/span>\n\t\t\t\t\t\t<span itemprop='logo' itemscope itemtype='https:\/\/schema.org\/ImageObject'>\n\t\t\t\t\t\t\t<span itemprop='url'>https:\/\/t-tresserras.com\/wp-content\/uploads\/2019\/04\/LogoTresserras.png<\/span>\n\t\t\t\t\t\t<\/span>\n\t\t\t\t<\/span><span class='av-structured-data'  itemprop=\"author\" itemscope=\"itemscope\" itemtype=\"https:\/\/schema.org\/Person\" ><span itemprop='name'>clonica<\/span><\/span><span class='av-structured-data'  itemprop=\"datePublished\" datetime=\"2021-10-19T14:51:47+01:00\" >2021-10-19 14:51:47<\/span><span class='av-structured-data'  itemprop=\"dateModified\" itemtype=\"https:\/\/schema.org\/dateModified\" >2021-10-21 14:39:54<\/span><span class='av-structured-data'  itemprop=\"mainEntityOfPage\" itemtype=\"https:\/\/schema.org\/mainEntityOfPage\" ><span itemprop='name'>NOVA L\u00cdNIA DIRECTA DE TRANSPORT A IRLANDA ELS DIVENDRES<\/span><\/span><\/span><\/article><article class=\"post-entry post-entry-type-standard post-entry-5327 post-loop-3 post-parity-odd single-big with-slider post-5327 post type-post status-publish format-standard has-post-thumbnail hentry category-seguretat\"  itemscope=\"itemscope\" itemtype=\"https:\/\/schema.org\/BlogPosting\" ><div class=\"blog-meta\"><\/div><div class='entry-content-wrapper clearfix standard-content'><header class=\"entry-content-header\" aria-label=\"Post: TRANSPORTS TRESSERRAS OBT\u00c9 LA CERTIFICACI\u00d3 IFS LOGISTICS\"><div class=\"av-heading-wrapper\"><span class=\"blog-categories minor-meta\"><a href=\"https:\/\/t-tresserras.com\/ca\/category\/seguretat\/\" rel=\"tag\">SEGURETAT<\/a><\/span><h2 class='post-title entry-title '  itemprop=\"headline\" ><a href=\"https:\/\/t-tresserras.com\/ca\/transports-tresserras-obte-la-certificacio-ifs-logistics\/\" rel=\"bookmark\" title=\"Permanent Link: TRANSPORTS TRESSERRAS OBT\u00c9 LA CERTIFICACI\u00d3 IFS LOGISTICS\">TRANSPORTS TRESSERRAS OBT\u00c9 LA CERTIFICACI\u00d3 IFS LOGISTICS<span class=\"post-format-icon minor-meta\"><\/span><\/a><\/h2><\/div><\/header><span class=\"av-vertical-delimiter\"><\/span><div class=\"big-preview single-big\"  itemprop=\"image\" itemscope=\"itemscope\" itemtype=\"https:\/\/schema.org\/ImageObject\" ><a href=\"https:\/\/t-tresserras.com\/ca\/transports-tresserras-obte-la-certificacio-ifs-logistics\/\"  title=\"TRANSPORTS TRESSERRAS OBT\u00c9 LA CERTIFICACI\u00d3 IFS LOGISTICS\" ><img decoding=\"async\" loading=\"lazy\" width=\"797\" height=\"306\" src=\"https:\/\/t-tresserras.com\/wp-content\/uploads\/2018\/06\/NOTICIES-IFS-CAT.jpg\" class=\"wp-image-5331 avia-img-lazy-loading-5331 attachment-entry_without_sidebar size-entry_without_sidebar wp-post-image\" alt=\"\" srcset=\"https:\/\/t-tresserras.com\/wp-content\/uploads\/2018\/06\/NOTICIES-IFS-CAT.jpg 797w, https:\/\/t-tresserras.com\/wp-content\/uploads\/2018\/06\/NOTICIES-IFS-CAT-300x115.jpg 300w, https:\/\/t-tresserras.com\/wp-content\/uploads\/2018\/06\/NOTICIES-IFS-CAT-768x295.jpg 768w, https:\/\/t-tresserras.com\/wp-content\/uploads\/2018\/06\/NOTICIES-IFS-CAT-705x271.jpg 705w, https:\/\/t-tresserras.com\/wp-content\/uploads\/2018\/06\/NOTICIES-IFS-CAT-450x173.jpg 450w\" sizes=\"auto, (max-width: 797px) 100vw, 797px\" \/><\/a><\/div><div class=\"entry-content\"  itemprop=\"text\" ><p>Transports Tresserras empresa capdavantera de transport a Europa, amb una traject\u00f2ria de 139 anys operant en el sector, ha rebut la certificaci\u00f3 internacional de seguretat aliment\u00e0ria IFS Logistics 2.1 (International Featured Standards Logistics). L&#8217;obtenci\u00f3 d&#8217;aquesta exigent certificaci\u00f3 aplicable en el transport i emmagatzematge de productes alimentaris, suposa un pas m\u00e9s per a la companyia en [&hellip;]<\/p>\n<div class=\"read-more-link\"><a href=\"https:\/\/t-tresserras.com\/ca\/transports-tresserras-obte-la-certificacio-ifs-logistics\/\" class=\"more-link\">Llegir m\u00e9s<span class='more-link-arrow avia-svg-icon avia-font-svg_entypo-fontello' data-av_svg_icon='right-open-big' data-av_iconset='svg_entypo-fontello'><svg version=\"1.1\" xmlns=\"http:\/\/www.w3.org\/2000\/svg\" width=\"15\" height=\"32\" viewBox=\"0 0 15 32\" preserveAspectRatio=\"xMidYMid meet\" role=\"graphics-symbol\" aria-hidden=\"true\">\n<path d=\"M0.416 27.84l11.456-11.84-11.456-11.904q-0.832-0.832 0-1.536 0.832-0.832 1.536 0l12.544 12.608q0.768 0.832 0 1.6l-12.544 12.608q-0.704 0.832-1.536 0-0.832-0.704 0-1.536z\"><\/path>\n<\/svg><\/span><\/a><\/div>\n<\/div><span class=\"post-meta-infos\"><\/span><footer class=\"entry-footer\"><\/footer><div class='post_delimiter'><\/div><\/div><div class=\"post_author_timeline\"><\/div><span class='hidden'>\n\t\t\t\t<span class='av-structured-data'  itemprop=\"image\" itemscope=\"itemscope\" itemtype=\"https:\/\/schema.org\/ImageObject\" >\n\t\t\t\t\t\t<span itemprop='url'>https:\/\/t-tresserras.com\/wp-content\/uploads\/2018\/06\/NOTICIES-IFS-CAT.jpg<\/span>\n\t\t\t\t\t\t<span itemprop='height'>306<\/span>\n\t\t\t\t\t\t<span itemprop='width'>797<\/span>\n\t\t\t\t<\/span>\n\t\t\t\t<span class='av-structured-data'  itemprop=\"publisher\" itemtype=\"https:\/\/schema.org\/Organization\" itemscope=\"itemscope\" >\n\t\t\t\t\t\t<span itemprop='name'>clonica<\/span>\n\t\t\t\t\t\t<span itemprop='logo' itemscope itemtype='https:\/\/schema.org\/ImageObject'>\n\t\t\t\t\t\t\t<span itemprop='url'>https:\/\/t-tresserras.com\/wp-content\/uploads\/2019\/04\/LogoTresserras.png<\/span>\n\t\t\t\t\t\t<\/span>\n\t\t\t\t<\/span><span class='av-structured-data'  itemprop=\"author\" itemscope=\"itemscope\" itemtype=\"https:\/\/schema.org\/Person\" ><span itemprop='name'>clonica<\/span><\/span><span class='av-structured-data'  itemprop=\"datePublished\" datetime=\"2018-06-08T08:16:45+01:00\" >2018-06-08 08:16:45<\/span><span class='av-structured-data'  itemprop=\"dateModified\" itemtype=\"https:\/\/schema.org\/dateModified\" >2021-10-20 12:58:00<\/span><span class='av-structured-data'  itemprop=\"mainEntityOfPage\" itemtype=\"https:\/\/schema.org\/mainEntityOfPage\" ><span itemprop='name'>TRANSPORTS TRESSERRAS OBT\u00c9 LA CERTIFICACI\u00d3 IFS LOGISTICS<\/span><\/span><\/span><\/article><article class=\"post-entry post-entry-type-standard post-entry-5290 post-loop-4 post-parity-even single-big with-slider post-5290 post type-post status-publish format-standard has-post-thumbnail hentry category-privacitat\"  itemscope=\"itemscope\" itemtype=\"https:\/\/schema.org\/BlogPosting\" ><div class=\"blog-meta\"><\/div><div class='entry-content-wrapper clearfix standard-content'><header class=\"entry-content-header\" aria-label=\"Post: Actualitzaci\u00f3 de la nostra pol\u00edtica de protecci\u00f3 de dades\"><div class=\"av-heading-wrapper\"><span class=\"blog-categories minor-meta\"><a href=\"https:\/\/t-tresserras.com\/ca\/category\/privacitat\/\" rel=\"tag\">PRIVACITAT<\/a><\/span><h2 class='post-title entry-title '  itemprop=\"headline\" ><a href=\"https:\/\/t-tresserras.com\/ca\/actualitzacio-de-la-nostra-politica-de-proteccio-de-dades\/\" rel=\"bookmark\" title=\"Permanent Link: Actualitzaci\u00f3 de la nostra pol\u00edtica de protecci\u00f3 de dades\">Actualitzaci\u00f3 de la nostra pol\u00edtica de protecci\u00f3 de dades<span class=\"post-format-icon minor-meta\"><\/span><\/a><\/h2><\/div><\/header><span class=\"av-vertical-delimiter\"><\/span><div class=\"big-preview single-big\"  itemprop=\"image\" itemscope=\"itemscope\" itemtype=\"https:\/\/schema.org\/ImageObject\" ><a href=\"https:\/\/t-tresserras.com\/ca\/actualitzacio-de-la-nostra-politica-de-proteccio-de-dades\/\"  title=\"Actualitzaci\u00f3 de la nostra pol\u00edtica de protecci\u00f3 de dades\" ><img decoding=\"async\" loading=\"lazy\" width=\"797\" height=\"423\" src=\"https:\/\/t-tresserras.com\/wp-content\/uploads\/2018\/05\/269_2-797x423.jpg\" class=\"wp-image-5286 avia-img-lazy-loading-5286 attachment-entry_without_sidebar size-entry_without_sidebar wp-post-image\" alt=\"\" \/><\/a><\/div><div class=\"entry-content\"  itemprop=\"text\" ><p>Volem informar-te de la nostra pol\u00edtica de privadesa perqu\u00e8 puguis seguir rebent les nostres comunicacions amb totes les garanties i la major protecci\u00f3. De conformitat amb la Llei General de Protecci\u00f3 de Dades de la Uni\u00f3 Europea que entra en vigor el 25 de maig, t&#8217;informem que les dades personals que tenim formen part d&#8217;un [&hellip;]<\/p>\n<div class=\"read-more-link\"><a href=\"https:\/\/t-tresserras.com\/ca\/actualitzacio-de-la-nostra-politica-de-proteccio-de-dades\/\" class=\"more-link\">Llegir m\u00e9s<span class='more-link-arrow avia-svg-icon avia-font-svg_entypo-fontello' data-av_svg_icon='right-open-big' data-av_iconset='svg_entypo-fontello'><svg version=\"1.1\" xmlns=\"http:\/\/www.w3.org\/2000\/svg\" width=\"15\" height=\"32\" viewBox=\"0 0 15 32\" preserveAspectRatio=\"xMidYMid meet\" role=\"graphics-symbol\" aria-hidden=\"true\">\n<path d=\"M0.416 27.84l11.456-11.84-11.456-11.904q-0.832-0.832 0-1.536 0.832-0.832 1.536 0l12.544 12.608q0.768 0.832 0 1.6l-12.544 12.608q-0.704 0.832-1.536 0-0.832-0.704 0-1.536z\"><\/path>\n<\/svg><\/span><\/a><\/div>\n<\/div><span class=\"post-meta-infos\"><\/span><footer class=\"entry-footer\"><\/footer><div class='post_delimiter'><\/div><\/div><div class=\"post_author_timeline\"><\/div><span class='hidden'>\n\t\t\t\t<span class='av-structured-data'  itemprop=\"image\" itemscope=\"itemscope\" itemtype=\"https:\/\/schema.org\/ImageObject\" >\n\t\t\t\t\t\t<span itemprop='url'>https:\/\/t-tresserras.com\/wp-content\/uploads\/2018\/05\/269_2.jpg<\/span>\n\t\t\t\t\t\t<span itemprop='height'>531<\/span>\n\t\t\t\t\t\t<span itemprop='width'>797<\/span>\n\t\t\t\t<\/span>\n\t\t\t\t<span class='av-structured-data'  itemprop=\"publisher\" itemtype=\"https:\/\/schema.org\/Organization\" itemscope=\"itemscope\" >\n\t\t\t\t\t\t<span itemprop='name'>clonica<\/span>\n\t\t\t\t\t\t<span itemprop='logo' itemscope itemtype='https:\/\/schema.org\/ImageObject'>\n\t\t\t\t\t\t\t<span itemprop='url'>https:\/\/t-tresserras.com\/wp-content\/uploads\/2019\/04\/LogoTresserras.png<\/span>\n\t\t\t\t\t\t<\/span>\n\t\t\t\t<\/span><span class='av-structured-data'  itemprop=\"author\" itemscope=\"itemscope\" itemtype=\"https:\/\/schema.org\/Person\" ><span itemprop='name'>clonica<\/span><\/span><span class='av-structured-data'  itemprop=\"datePublished\" datetime=\"2018-05-25T12:43:55+01:00\" >2018-05-25 12:43:55<\/span><span class='av-structured-data'  itemprop=\"dateModified\" itemtype=\"https:\/\/schema.org\/dateModified\" >2021-10-20 12:58:20<\/span><span class='av-structured-data'  itemprop=\"mainEntityOfPage\" itemtype=\"https:\/\/schema.org\/mainEntityOfPage\" ><span itemprop='name'>Actualitzaci\u00f3 de la nostra pol\u00edtica de protecci\u00f3 de dades<\/span><\/span><\/span><\/article><article class=\"post-entry post-entry-type-standard post-entry-2504 post-loop-5 post-parity-odd single-big with-slider post-2504 post type-post status-publish format-standard has-post-thumbnail hentry category-rutes\"  itemscope=\"itemscope\" itemtype=\"https:\/\/schema.org\/BlogPosting\" ><div class=\"blog-meta\"><\/div><div class='entry-content-wrapper clearfix standard-content'><header class=\"entry-content-header\" aria-label=\"Post: TRANSPORTS TRESSERRAS&lt;br&gt;AMPLIA LES RUTES\"><div class=\"av-heading-wrapper\"><span class=\"blog-categories minor-meta\"><a href=\"https:\/\/t-tresserras.com\/ca\/category\/rutes\/\" rel=\"tag\">RUTES<\/a><\/span><h2 class='post-title entry-title '  itemprop=\"headline\" ><a href=\"https:\/\/t-tresserras.com\/ca\/transports-tresserras-amplia-les-rutes\/\" rel=\"bookmark\" title=\"Permanent Link: TRANSPORTS TRESSERRAS&lt;br&gt;AMPLIA LES RUTES\">TRANSPORTS TRESSERRAS<br>AMPLIA LES RUTES<span class=\"post-format-icon minor-meta\"><\/span><\/a><\/h2><\/div><\/header><span class=\"av-vertical-delimiter\"><\/span><div class=\"big-preview single-big\"  itemprop=\"image\" itemscope=\"itemscope\" itemtype=\"https:\/\/schema.org\/ImageObject\" ><a href=\"https:\/\/t-tresserras.com\/ca\/transports-tresserras-amplia-les-rutes\/\"  title=\"TRANSPORTS TRESSERRASAMPLIA LES RUTES\" ><img decoding=\"async\" loading=\"lazy\" width=\"797\" height=\"306\" src=\"https:\/\/t-tresserras.com\/wp-content\/uploads\/2014\/08\/NOTICIA_2.jpg\" class=\"wp-image-950 avia-img-lazy-loading-950 attachment-entry_without_sidebar size-entry_without_sidebar wp-post-image\" alt=\"\" srcset=\"https:\/\/t-tresserras.com\/wp-content\/uploads\/2014\/08\/NOTICIA_2.jpg 797w, https:\/\/t-tresserras.com\/wp-content\/uploads\/2014\/08\/NOTICIA_2-300x115.jpg 300w, https:\/\/t-tresserras.com\/wp-content\/uploads\/2014\/08\/NOTICIA_2-768x295.jpg 768w, https:\/\/t-tresserras.com\/wp-content\/uploads\/2014\/08\/NOTICIA_2-705x271.jpg 705w, https:\/\/t-tresserras.com\/wp-content\/uploads\/2014\/08\/NOTICIA_2-450x173.jpg 450w\" sizes=\"auto, (max-width: 797px) 100vw, 797px\" \/><\/a><\/div><div class=\"entry-content\"  itemprop=\"text\" ><p>Seguint amb la filosofia d&#8217;empresa de Transports Tresserras, basada en la millora constant dels serveis i el valor afegit que podem aportar als nostres clients, hem treballat per ampliar les nostres rutes. Des de mitjans d\u2019octubre s&#8217;efectuen sortides di\u00e0ries a: FRAN\u00c7A, ALEMANYA i IT\u00c0LIA. Amb origen: CASTELL\u00d3, VAL\u00c8NCIA, ALACANT I M\u00daRCIA El nostre departament d&#8217;atenci\u00f3 [&hellip;]<\/p>\n<div class=\"read-more-link\"><a href=\"https:\/\/t-tresserras.com\/ca\/transports-tresserras-amplia-les-rutes\/\" class=\"more-link\">Llegir m\u00e9s<span class='more-link-arrow avia-svg-icon avia-font-svg_entypo-fontello' data-av_svg_icon='right-open-big' data-av_iconset='svg_entypo-fontello'><svg version=\"1.1\" xmlns=\"http:\/\/www.w3.org\/2000\/svg\" width=\"15\" height=\"32\" viewBox=\"0 0 15 32\" preserveAspectRatio=\"xMidYMid meet\" role=\"graphics-symbol\" aria-hidden=\"true\">\n<path d=\"M0.416 27.84l11.456-11.84-11.456-11.904q-0.832-0.832 0-1.536 0.832-0.832 1.536 0l12.544 12.608q0.768 0.832 0 1.6l-12.544 12.608q-0.704 0.832-1.536 0-0.832-0.704 0-1.536z\"><\/path>\n<\/svg><\/span><\/a><\/div>\n<\/div><span class=\"post-meta-infos\"><\/span><footer class=\"entry-footer\"><\/footer><div class='post_delimiter'><\/div><\/div><div class=\"post_author_timeline\"><\/div><span class='hidden'>\n\t\t\t\t<span class='av-structured-data'  itemprop=\"image\" itemscope=\"itemscope\" itemtype=\"https:\/\/schema.org\/ImageObject\" >\n\t\t\t\t\t\t<span itemprop='url'>https:\/\/t-tresserras.com\/wp-content\/uploads\/2014\/08\/NOTICIA_2.jpg<\/span>\n\t\t\t\t\t\t<span itemprop='height'>306<\/span>\n\t\t\t\t\t\t<span itemprop='width'>797<\/span>\n\t\t\t\t<\/span>\n\t\t\t\t<span class='av-structured-data'  itemprop=\"publisher\" itemtype=\"https:\/\/schema.org\/Organization\" itemscope=\"itemscope\" >\n\t\t\t\t\t\t<span itemprop='name'>Meritxell Mis<\/span>\n\t\t\t\t\t\t<span itemprop='logo' itemscope itemtype='https:\/\/schema.org\/ImageObject'>\n\t\t\t\t\t\t\t<span itemprop='url'>https:\/\/t-tresserras.com\/wp-content\/uploads\/2019\/04\/LogoTresserras.png<\/span>\n\t\t\t\t\t\t<\/span>\n\t\t\t\t<\/span><span class='av-structured-data'  itemprop=\"author\" itemscope=\"itemscope\" itemtype=\"https:\/\/schema.org\/Person\" ><span itemprop='name'>Meritxell Mis<\/span><\/span><span class='av-structured-data'  itemprop=\"datePublished\" datetime=\"2017-11-11T09:36:33+01:00\" >2017-11-11 09:36:33<\/span><span class='av-structured-data'  itemprop=\"dateModified\" itemtype=\"https:\/\/schema.org\/dateModified\" >2021-10-20 12:58:41<\/span><span class='av-structured-data'  itemprop=\"mainEntityOfPage\" itemtype=\"https:\/\/schema.org\/mainEntityOfPage\" ><span itemprop='name'>TRANSPORTS TRESSERRAS<br>AMPLIA LES RUTES<\/span><\/span><\/span><\/article><article class=\"post-entry post-entry-type-standard post-entry-2506 post-loop-6 post-parity-even single-big with-slider post-2506 post type-post status-publish format-standard has-post-thumbnail hentry category-seguretat\"  itemscope=\"itemscope\" itemtype=\"https:\/\/schema.org\/BlogPosting\" ><div class=\"blog-meta\"><\/div><div class='entry-content-wrapper clearfix standard-content'><header class=\"entry-content-header\" aria-label=\"Post: IMPLANTACI\u00d3 DEL NOU SISTEMA&lt;br&gt;DE GESTI\u00d3 IFS\"><div class=\"av-heading-wrapper\"><span class=\"blog-categories minor-meta\"><a href=\"https:\/\/t-tresserras.com\/ca\/category\/seguretat\/\" rel=\"tag\">SEGURETAT<\/a><\/span><h2 class='post-title entry-title '  itemprop=\"headline\" ><a href=\"https:\/\/t-tresserras.com\/ca\/implantacio-del-nou-sistema-de-gestio-ifs\/\" rel=\"bookmark\" title=\"Permanent Link: IMPLANTACI\u00d3 DEL NOU SISTEMA&lt;br&gt;DE GESTI\u00d3 IFS\">IMPLANTACI\u00d3 DEL NOU SISTEMA<br>DE GESTI\u00d3 IFS<span class=\"post-format-icon minor-meta\"><\/span><\/a><\/h2><\/div><\/header><span class=\"av-vertical-delimiter\"><\/span><div class=\"big-preview single-big\"  itemprop=\"image\" itemscope=\"itemscope\" itemtype=\"https:\/\/schema.org\/ImageObject\" ><a href=\"https:\/\/t-tresserras.com\/ca\/implantacio-del-nou-sistema-de-gestio-ifs\/\"  title=\"IMPLANTACI\u00d3 DEL NOU SISTEMADE GESTI\u00d3 IFS\" ><img decoding=\"async\" loading=\"lazy\" width=\"1210\" height=\"423\" src=\"https:\/\/t-tresserras.com\/wp-content\/uploads\/2017\/10\/KNOW_HOW_2-1210x423.jpg\" class=\"wp-image-1827 avia-img-lazy-loading-1827 attachment-entry_without_sidebar size-entry_without_sidebar wp-post-image\" alt=\"\" srcset=\"https:\/\/t-tresserras.com\/wp-content\/uploads\/2017\/10\/KNOW_HOW_2-1210x423.jpg 1210w, https:\/\/t-tresserras.com\/wp-content\/uploads\/2017\/10\/KNOW_HOW_2-300x104.jpg 300w, https:\/\/t-tresserras.com\/wp-content\/uploads\/2017\/10\/KNOW_HOW_2-450x156.jpg 450w\" sizes=\"auto, (max-width: 1210px) 100vw, 1210px\" \/><\/a><\/div><div class=\"entry-content\"  itemprop=\"text\" ><p>Transports Tresserras pensant en garantir la seguretat aliment\u00e0ria de les persones que consumeixen els aliments que transportem hem apostat per implementar un sistema de gesti\u00f3 de la seguretat aliment\u00e0ria basat en la IFS (International Featured Standards) Logistics versi\u00f3 2.1. Durant el proc\u00e9s d&#8217;implantaci\u00f3 que s&#8217;inicia, necessitarem comptar amb la col\u2022laboraci\u00f3 de totes les parts interessades [&hellip;]<\/p>\n<div class=\"read-more-link\"><a href=\"https:\/\/t-tresserras.com\/ca\/implantacio-del-nou-sistema-de-gestio-ifs\/\" class=\"more-link\">Llegir m\u00e9s<span class='more-link-arrow avia-svg-icon avia-font-svg_entypo-fontello' data-av_svg_icon='right-open-big' data-av_iconset='svg_entypo-fontello'><svg version=\"1.1\" xmlns=\"http:\/\/www.w3.org\/2000\/svg\" width=\"15\" height=\"32\" viewBox=\"0 0 15 32\" preserveAspectRatio=\"xMidYMid meet\" role=\"graphics-symbol\" aria-hidden=\"true\">\n<path d=\"M0.416 27.84l11.456-11.84-11.456-11.904q-0.832-0.832 0-1.536 0.832-0.832 1.536 0l12.544 12.608q0.768 0.832 0 1.6l-12.544 12.608q-0.704 0.832-1.536 0-0.832-0.704 0-1.536z\"><\/path>\n<\/svg><\/span><\/a><\/div>\n<\/div><span class=\"post-meta-infos\"><\/span><footer class=\"entry-footer\"><\/footer><div class='post_delimiter'><\/div><\/div><div class=\"post_author_timeline\"><\/div><span class='hidden'>\n\t\t\t\t<span class='av-structured-data'  itemprop=\"image\" itemscope=\"itemscope\" itemtype=\"https:\/\/schema.org\/ImageObject\" >\n\t\t\t\t\t\t<span itemprop='url'>https:\/\/t-tresserras.com\/wp-content\/uploads\/2017\/10\/KNOW_HOW_2.jpg<\/span>\n\t\t\t\t\t\t<span itemprop='height'>664<\/span>\n\t\t\t\t\t\t<span itemprop='width'>1920<\/span>\n\t\t\t\t<\/span>\n\t\t\t\t<span class='av-structured-data'  itemprop=\"publisher\" itemtype=\"https:\/\/schema.org\/Organization\" itemscope=\"itemscope\" >\n\t\t\t\t\t\t<span itemprop='name'>Meritxell Mis<\/span>\n\t\t\t\t\t\t<span itemprop='logo' itemscope itemtype='https:\/\/schema.org\/ImageObject'>\n\t\t\t\t\t\t\t<span itemprop='url'>https:\/\/t-tresserras.com\/wp-content\/uploads\/2019\/04\/LogoTresserras.png<\/span>\n\t\t\t\t\t\t<\/span>\n\t\t\t\t<\/span><span class='av-structured-data'  itemprop=\"author\" itemscope=\"itemscope\" itemtype=\"https:\/\/schema.org\/Person\" ><span itemprop='name'>Meritxell Mis<\/span><\/span><span class='av-structured-data'  itemprop=\"datePublished\" datetime=\"2017-11-10T09:38:51+01:00\" >2017-11-10 09:38:51<\/span><span class='av-structured-data'  itemprop=\"dateModified\" itemtype=\"https:\/\/schema.org\/dateModified\" >2021-10-20 12:58:31<\/span><span class='av-structured-data'  itemprop=\"mainEntityOfPage\" itemtype=\"https:\/\/schema.org\/mainEntityOfPage\" ><span itemprop='name'>IMPLANTACI\u00d3 DEL NOU SISTEMA<br>DE GESTI\u00d3 IFS<\/span><\/span><\/span><\/article><article class=\"post-entry post-entry-type-standard post-entry-2509 post-loop-7 post-parity-odd post-entry-last single-big with-slider post-2509 post type-post status-publish format-standard has-post-thumbnail hentry category-prestigi\"  itemscope=\"itemscope\" itemtype=\"https:\/\/schema.org\/BlogPosting\" ><div class=\"blog-meta\"><\/div><div class='entry-content-wrapper clearfix standard-content'><header class=\"entry-content-header\" aria-label=\"Post: AVANTATGES DE CONFIAR&lt;br&gt;EN TRANSPORTS TRESSERRAS\"><div class=\"av-heading-wrapper\"><span class=\"blog-categories minor-meta\"><a href=\"https:\/\/t-tresserras.com\/ca\/category\/prestigi\/\" rel=\"tag\">PRESTIGI<\/a><\/span><h2 class='post-title entry-title '  itemprop=\"headline\" ><a href=\"https:\/\/t-tresserras.com\/ca\/avantatges-de-confiar-en-transports-tresserras\/\" rel=\"bookmark\" title=\"Permanent Link: AVANTATGES DE CONFIAR&lt;br&gt;EN TRANSPORTS TRESSERRAS\">AVANTATGES DE CONFIAR<br>EN TRANSPORTS TRESSERRAS<span class=\"post-format-icon minor-meta\"><\/span><\/a><\/h2><\/div><\/header><span class=\"av-vertical-delimiter\"><\/span><div class=\"big-preview single-big\"  itemprop=\"image\" itemscope=\"itemscope\" itemtype=\"https:\/\/schema.org\/ImageObject\" ><a href=\"https:\/\/t-tresserras.com\/ca\/avantatges-de-confiar-en-transports-tresserras\/\"  title=\"AVANTATGES DE CONFIAREN TRANSPORTS TRESSERRAS\" ><img decoding=\"async\" loading=\"lazy\" width=\"1210\" height=\"423\" src=\"https:\/\/t-tresserras.com\/wp-content\/uploads\/2017\/10\/FOOD-1210x423.jpg\" class=\"wp-image-1324 avia-img-lazy-loading-1324 attachment-entry_without_sidebar size-entry_without_sidebar wp-post-image\" alt=\"\" srcset=\"https:\/\/t-tresserras.com\/wp-content\/uploads\/2017\/10\/FOOD-1210x423.jpg 1210w, https:\/\/t-tresserras.com\/wp-content\/uploads\/2017\/10\/FOOD-300x104.jpg 300w, https:\/\/t-tresserras.com\/wp-content\/uploads\/2017\/10\/FOOD-450x156.jpg 450w\" sizes=\"auto, (max-width: 1210px) 100vw, 1210px\" \/><\/a><\/div><div class=\"entry-content\"  itemprop=\"text\" ><p>El prestigi aconseguit per ser la companyia de transports m\u00e9s antiga del pa\u00eds ens ha proporcionat valors i experi\u00e8ncia que es transformen en avantatges per als nostres clients: KNOWHOW EN TTCG INTERNACIONAL (EXPERI\u00c8NCIA): Els nostres clients valoren molt positivament l&#8217;experi\u00e8ncia de 138 anys en el sector del transport. ESPECIALIZACI\u00d3N SECTORIAL EN GRUPAJE: Tresserras es dedica [&hellip;]<\/p>\n<div class=\"read-more-link\"><a href=\"https:\/\/t-tresserras.com\/ca\/avantatges-de-confiar-en-transports-tresserras\/\" class=\"more-link\">Llegir m\u00e9s<span class='more-link-arrow avia-svg-icon avia-font-svg_entypo-fontello' data-av_svg_icon='right-open-big' data-av_iconset='svg_entypo-fontello'><svg version=\"1.1\" xmlns=\"http:\/\/www.w3.org\/2000\/svg\" width=\"15\" height=\"32\" viewBox=\"0 0 15 32\" preserveAspectRatio=\"xMidYMid meet\" role=\"graphics-symbol\" aria-hidden=\"true\">\n<path d=\"M0.416 27.84l11.456-11.84-11.456-11.904q-0.832-0.832 0-1.536 0.832-0.832 1.536 0l12.544 12.608q0.768 0.832 0 1.6l-12.544 12.608q-0.704 0.832-1.536 0-0.832-0.704 0-1.536z\"><\/path>\n<\/svg><\/span><\/a><\/div>\n<\/div><span class=\"post-meta-infos\"><\/span><footer class=\"entry-footer\"><\/footer><div class='post_delimiter'><\/div><\/div><div class=\"post_author_timeline\"><\/div><span class='hidden'>\n\t\t\t\t<span class='av-structured-data'  itemprop=\"image\" itemscope=\"itemscope\" itemtype=\"https:\/\/schema.org\/ImageObject\" >\n\t\t\t\t\t\t<span itemprop='url'>https:\/\/t-tresserras.com\/wp-content\/uploads\/2017\/10\/FOOD.jpg<\/span>\n\t\t\t\t\t\t<span itemprop='height'>664<\/span>\n\t\t\t\t\t\t<span itemprop='width'>1920<\/span>\n\t\t\t\t<\/span>\n\t\t\t\t<span class='av-structured-data'  itemprop=\"publisher\" itemtype=\"https:\/\/schema.org\/Organization\" itemscope=\"itemscope\" >\n\t\t\t\t\t\t<span itemprop='name'>Meritxell Mis<\/span>\n\t\t\t\t\t\t<span itemprop='logo' itemscope itemtype='https:\/\/schema.org\/ImageObject'>\n\t\t\t\t\t\t\t<span itemprop='url'>https:\/\/t-tresserras.com\/wp-content\/uploads\/2019\/04\/LogoTresserras.png<\/span>\n\t\t\t\t\t\t<\/span>\n\t\t\t\t<\/span><span class='av-structured-data'  itemprop=\"author\" itemscope=\"itemscope\" itemtype=\"https:\/\/schema.org\/Person\" ><span itemprop='name'>Meritxell Mis<\/span><\/span><span class='av-structured-data'  itemprop=\"datePublished\" datetime=\"2017-11-09T09:48:07+01:00\" >2017-11-09 09:48:07<\/span><span class='av-structured-data'  itemprop=\"dateModified\" itemtype=\"https:\/\/schema.org\/dateModified\" >2021-10-20 12:58:53<\/span><span class='av-structured-data'  itemprop=\"mainEntityOfPage\" itemtype=\"https:\/\/schema.org\/mainEntityOfPage\" ><span itemprop='name'>AVANTATGES DE CONFIAR<br>EN TRANSPORTS TRESSERRAS<\/span><\/span><\/span><\/article><div class='single-big'><\/div><\/div><\/div>\n","protected":false},"excerpt":{"rendered":"","protected":false},"author":1,"featured_media":0,"parent":0,"menu_order":0,"comment_status":"closed","ping_status":"closed","template":"","meta":{"footnotes":""},"class_list":["post-2510","page","type-page","status-publish","hentry"],"yoast_head":"<!-- This site is optimized with the Yoast SEO plugin v27.4 - https:\/\/yoast.com\/product\/yoast-seo-wordpress\/ -->\n<title>Transport Internacional grupatge de Mercaderies | NOT\u00cdCIES<\/title>\n<meta name=\"description\" content=\"Transports Tresserras especialistes en grupatge de Mercaderies a temperatura controlada. Equip professional, sortides di\u00e0ries internacionals i nacionals. NOT\u00cdCIES\" \/>\n<meta name=\"robots\" content=\"index, follow, max-snippet:-1, max-image-preview:large, max-video-preview:-1\" \/>\n<link rel=\"canonical\" href=\"https:\/\/t-tresserras.com\/ca\/noticies\/\" \/>\n<meta property=\"og:locale\" content=\"ca_ES\" \/>\n<meta property=\"og:type\" content=\"article\" \/>\n<meta property=\"og:title\" content=\"Transport Internacional grupatge de Mercaderies | NOT\u00cdCIES\" \/>\n<meta property=\"og:description\" content=\"Transports Tresserras especialistes en grupatge de Mercaderies a temperatura controlada. Equip professional, sortides di\u00e0ries internacionals i nacionals. NOT\u00cdCIES\" \/>\n<meta property=\"og:url\" content=\"https:\/\/t-tresserras.com\/ca\/noticies\/\" \/>\n<meta property=\"og:site_name\" content=\"Transports Tresserras\" \/>\n<meta property=\"article:publisher\" content=\"https:\/\/www.facebook.com\/pages\/Transports-Tresserras\" \/>\n<meta property=\"article:modified_time\" content=\"2018-05-29T14:50:17+00:00\" \/>\n<meta property=\"og:image\" content=\"https:\/\/t-tresserras.com\/wp-content\/uploads\/2017\/10\/CAMIONS_2.jpg\" \/>\n\t<meta property=\"og:image:width\" content=\"1239\" \/>\n\t<meta property=\"og:image:height\" content=\"670\" \/>\n\t<meta property=\"og:image:type\" content=\"image\/jpeg\" \/>\n<meta name=\"twitter:card\" content=\"summary_large_image\" \/>\n<script type=\"application\/ld+json\" class=\"yoast-schema-graph\">{\"@context\":\"https:\\\/\\\/schema.org\",\"@graph\":[{\"@type\":\"WebPage\",\"@id\":\"https:\\\/\\\/t-tresserras.com\\\/ca\\\/noticies\\\/\",\"url\":\"https:\\\/\\\/t-tresserras.com\\\/ca\\\/noticies\\\/\",\"name\":\"Transport Internacional grupatge de Mercaderies | NOT\u00cdCIES\",\"isPartOf\":{\"@id\":\"https:\\\/\\\/t-tresserras.com\\\/ca\\\/#website\"},\"datePublished\":\"2018-02-15T08:49:16+00:00\",\"dateModified\":\"2018-05-29T14:50:17+00:00\",\"description\":\"Transports Tresserras especialistes en grupatge de Mercaderies a temperatura controlada. Equip professional, sortides di\u00e0ries internacionals i nacionals. NOT\u00cdCIES\",\"breadcrumb\":{\"@id\":\"https:\\\/\\\/t-tresserras.com\\\/ca\\\/noticies\\\/#breadcrumb\"},\"inLanguage\":\"ca\",\"potentialAction\":[{\"@type\":\"ReadAction\",\"target\":[\"https:\\\/\\\/t-tresserras.com\\\/ca\\\/noticies\\\/\"]}]},{\"@type\":\"BreadcrumbList\",\"@id\":\"https:\\\/\\\/t-tresserras.com\\\/ca\\\/noticies\\\/#breadcrumb\",\"itemListElement\":[{\"@type\":\"ListItem\",\"position\":1,\"name\":\"Inici\",\"item\":\"https:\\\/\\\/t-tresserras.com\\\/ca\\\/inici\\\/\"},{\"@type\":\"ListItem\",\"position\":2,\"name\":\"NOT\u00cdCIES\"}]},{\"@type\":\"WebSite\",\"@id\":\"https:\\\/\\\/t-tresserras.com\\\/ca\\\/#website\",\"url\":\"https:\\\/\\\/t-tresserras.com\\\/ca\\\/\",\"name\":\"Transports Tresserras\",\"description\":\"Altre lloc gestionat amb el WordPress\",\"publisher\":{\"@id\":\"https:\\\/\\\/t-tresserras.com\\\/ca\\\/#organization\"},\"potentialAction\":[{\"@type\":\"SearchAction\",\"target\":{\"@type\":\"EntryPoint\",\"urlTemplate\":\"https:\\\/\\\/t-tresserras.com\\\/ca\\\/?s={search_term_string}\"},\"query-input\":{\"@type\":\"PropertyValueSpecification\",\"valueRequired\":true,\"valueName\":\"search_term_string\"}}],\"inLanguage\":\"ca\"},{\"@type\":\"Organization\",\"@id\":\"https:\\\/\\\/t-tresserras.com\\\/ca\\\/#organization\",\"name\":\"Transportes Tresserras\",\"url\":\"https:\\\/\\\/t-tresserras.com\\\/ca\\\/\",\"logo\":{\"@type\":\"ImageObject\",\"inLanguage\":\"ca\",\"@id\":\"https:\\\/\\\/t-tresserras.com\\\/ca\\\/#\\\/schema\\\/logo\\\/image\\\/\",\"url\":\"https:\\\/\\\/t-tresserras.com\\\/wp-content\\\/uploads\\\/2017\\\/07\\\/t-tresserras.jpg\",\"contentUrl\":\"https:\\\/\\\/t-tresserras.com\\\/wp-content\\\/uploads\\\/2017\\\/07\\\/t-tresserras.jpg\",\"width\":1144,\"height\":507,\"caption\":\"Transportes Tresserras\"},\"image\":{\"@id\":\"https:\\\/\\\/t-tresserras.com\\\/ca\\\/#\\\/schema\\\/logo\\\/image\\\/\"},\"sameAs\":[\"https:\\\/\\\/www.facebook.com\\\/pages\\\/Transports-Tresserras\",\"https:\\\/\\\/www.linkedin.com\\\/company\\\/transporte-t-tresserras\"]}]}<\/script>\n<!-- \/ Yoast SEO plugin. -->","yoast_head_json":{"title":"Transport Internacional grupatge de Mercaderies | NOT\u00cdCIES","description":"Transports Tresserras especialistes en grupatge de Mercaderies a temperatura controlada. Equip professional, sortides di\u00e0ries internacionals i nacionals. NOT\u00cdCIES","robots":{"index":"index","follow":"follow","max-snippet":"max-snippet:-1","max-image-preview":"max-image-preview:large","max-video-preview":"max-video-preview:-1"},"canonical":"https:\/\/t-tresserras.com\/ca\/noticies\/","og_locale":"ca_ES","og_type":"article","og_title":"Transport Internacional grupatge de Mercaderies | NOT\u00cdCIES","og_description":"Transports Tresserras especialistes en grupatge de Mercaderies a temperatura controlada. Equip professional, sortides di\u00e0ries internacionals i nacionals. NOT\u00cdCIES","og_url":"https:\/\/t-tresserras.com\/ca\/noticies\/","og_site_name":"Transports Tresserras","article_publisher":"https:\/\/www.facebook.com\/pages\/Transports-Tresserras","article_modified_time":"2018-05-29T14:50:17+00:00","og_image":[{"width":1239,"height":670,"url":"https:\/\/t-tresserras.com\/wp-content\/uploads\/2017\/10\/CAMIONS_2.jpg","type":"image\/jpeg"}],"twitter_card":"summary_large_image","schema":{"@context":"https:\/\/schema.org","@graph":[{"@type":"WebPage","@id":"https:\/\/t-tresserras.com\/ca\/noticies\/","url":"https:\/\/t-tresserras.com\/ca\/noticies\/","name":"Transport Internacional grupatge de Mercaderies | NOT\u00cdCIES","isPartOf":{"@id":"https:\/\/t-tresserras.com\/ca\/#website"},"datePublished":"2018-02-15T08:49:16+00:00","dateModified":"2018-05-29T14:50:17+00:00","description":"Transports Tresserras especialistes en grupatge de Mercaderies a temperatura controlada. Equip professional, sortides di\u00e0ries internacionals i nacionals. NOT\u00cdCIES","breadcrumb":{"@id":"https:\/\/t-tresserras.com\/ca\/noticies\/#breadcrumb"},"inLanguage":"ca","potentialAction":[{"@type":"ReadAction","target":["https:\/\/t-tresserras.com\/ca\/noticies\/"]}]},{"@type":"BreadcrumbList","@id":"https:\/\/t-tresserras.com\/ca\/noticies\/#breadcrumb","itemListElement":[{"@type":"ListItem","position":1,"name":"Inici","item":"https:\/\/t-tresserras.com\/ca\/inici\/"},{"@type":"ListItem","position":2,"name":"NOT\u00cdCIES"}]},{"@type":"WebSite","@id":"https:\/\/t-tresserras.com\/ca\/#website","url":"https:\/\/t-tresserras.com\/ca\/","name":"Transports Tresserras","description":"Altre lloc gestionat amb el WordPress","publisher":{"@id":"https:\/\/t-tresserras.com\/ca\/#organization"},"potentialAction":[{"@type":"SearchAction","target":{"@type":"EntryPoint","urlTemplate":"https:\/\/t-tresserras.com\/ca\/?s={search_term_string}"},"query-input":{"@type":"PropertyValueSpecification","valueRequired":true,"valueName":"search_term_string"}}],"inLanguage":"ca"},{"@type":"Organization","@id":"https:\/\/t-tresserras.com\/ca\/#organization","name":"Transportes Tresserras","url":"https:\/\/t-tresserras.com\/ca\/","logo":{"@type":"ImageObject","inLanguage":"ca","@id":"https:\/\/t-tresserras.com\/ca\/#\/schema\/logo\/image\/","url":"https:\/\/t-tresserras.com\/wp-content\/uploads\/2017\/07\/t-tresserras.jpg","contentUrl":"https:\/\/t-tresserras.com\/wp-content\/uploads\/2017\/07\/t-tresserras.jpg","width":1144,"height":507,"caption":"Transportes Tresserras"},"image":{"@id":"https:\/\/t-tresserras.com\/ca\/#\/schema\/logo\/image\/"},"sameAs":["https:\/\/www.facebook.com\/pages\/Transports-Tresserras","https:\/\/www.linkedin.com\/company\/transporte-t-tresserras"]}]}},"_links":{"self":[{"href":"https:\/\/t-tresserras.com\/ca\/wp-json\/wp\/v2\/pages\/2510","targetHints":{"allow":["GET"]}}],"collection":[{"href":"https:\/\/t-tresserras.com\/ca\/wp-json\/wp\/v2\/pages"}],"about":[{"href":"https:\/\/t-tresserras.com\/ca\/wp-json\/wp\/v2\/types\/page"}],"author":[{"embeddable":true,"href":"https:\/\/t-tresserras.com\/ca\/wp-json\/wp\/v2\/users\/1"}],"replies":[{"embeddable":true,"href":"https:\/\/t-tresserras.com\/ca\/wp-json\/wp\/v2\/comments?post=2510"}],"version-history":[{"count":0,"href":"https:\/\/t-tresserras.com\/ca\/wp-json\/wp\/v2\/pages\/2510\/revisions"}],"wp:attachment":[{"href":"https:\/\/t-tresserras.com\/ca\/wp-json\/wp\/v2\/media?parent=2510"}],"curies":[{"name":"wp","href":"https:\/\/api.w.org\/{rel}","templated":true}]}}